{"id":227,"date":"2023-04-14T16:23:31","date_gmt":"2023-04-14T16:23:31","guid":{"rendered":"https:\/\/agrupacionespsoe.es\/lalinea\/?page_id=227"},"modified":"2023-06-26T11:45:00","modified_gmt":"2023-06-26T11:45:00","slug":"candidarura","status":"publish","type":"page","link":"https:\/\/agrupacionespsoe.es\/lalinea\/candidarura\/","title":{"rendered":"Grupo Municipal"},"content":{"rendered":"<section class=\"relative md:py-[100px] 2xl:py-0 md:flex md:items-stretch md:min-h-[75vh] 2xl:min-h-[45vh] bg-primary\">\n    <div class=\"grow psoe-container 2xl:mx-0\">\n        <div class=\"md:flex gap-2 items-center 2xl:ml-[160px] h-full\">\n            <div class=\"p-6 md:p-4 lg:p-0 md:pr-10 lg:pr-10 mb-5 md:mb-0  text-white \">\n                                    <p class=\"mb-5 text-white uppercase font-bold\">Agrupaci\u00f3n <\/p>\n                \n                                    <h1 class=\"text-3xl lg:text-5xl font-bold !leading-tight\">GRUPO MUNICIPAL<\/h1>\n                \n                                    <div class=\"mb-5 !leading-normal\">\n                        <p><strong>Nuestra Candidatura <\/strong>constituye una renovaci\u00f3n de la propia agrupaci\u00f3n socialista de La L\u00ednea. Nuevas incorporaciones junto a veteranos que en estrecha relaci\u00f3n y mediante un trabajo constate consolidar\u00e1n el proyecto que La L\u00ednea merece para su prosperidad.<\/p>\n\n                    <\/div>\n                \n                            <\/div>\n                    <\/div>\n    <\/div>\n<\/section>\n\n\n<section class=\"py-12\" x-data=\"organigramaSection(&#039;[{&quot;id&quot;:0,&quot;person_name&quot;:&quot;GEMMA ARAUJO MORALES&quot;,&quot;person_image&quot;:&quot;https:\\\/\\\/agrupacionespsoe.es\\\/lalinea\\\/wp-content\\\/uploads\\\/sites\\\/40\\\/2023\\\/05\\\/1-Gema.jpg&quot;,&quot;person_job&quot;:false,&quot;person_email&quot;:&quot;gemma.araujo@psoelalinea.es&quot;,&quot;person_facebook&quot;:&quot;https:\\\/\\\/www.facebook.com\\\/gemma.araujomorales&quot;,&quot;person_twitter&quot;:&quot;https:\\\/\\\/www.twitter.com\\\/gemmaraujo&quot;},{&quot;id&quot;:1,&quot;person_name&quot;:&quot;ANDONI CARRI\\u00d3N JIM\\u00c9NEZ&quot;,&quot;person_image&quot;:&quot;https:\\\/\\\/agrupacionespsoe.es\\\/lalinea\\\/wp-content\\\/uploads\\\/sites\\\/40\\\/2023\\\/05\\\/2-Andoni.png&quot;,&quot;person_job&quot;:false,&quot;person_email&quot;:&quot;andoni.carrion@psoelalinea.es&quot;,&quot;person_facebook&quot;:&quot;https:\\\/\\\/www.facebook.com\\\/andoni.carrion&quot;,&quot;person_twitter&quot;:&quot;https:\\\/\\\/www.twitter.com\\\/andonicarrion&quot;}]&#039;)\">\n    <div class=\"max-w-screen-lg mx-auto\">\n\n        <div class=\"text-center mb-5 lg:mb-10 px-6 lg:p-0\">\n                            <p class=\"text-primary uppercase font-bold\">Agrupaci\u00f3n <\/p>\n            \n                            <h2 class=\"text-3xl lg:text-5xl font-bold !leading-tight\">Qui\u00e9nes somos<\/h2>\n            \n                    <\/div>\n\n    <\/div>\n\n    <div class=\"max-w-screen-lg mx-auto mb-5\">\n\n        <div x-cloak x-show=\"maxNumPages == false\">\n            <p class=\"text-xl text-center px-6 lg:p-0\">No hay organigrama disponible<\/p>\n        <\/div>\n\n        <div class=\"md:grid md:grid-cols-2 lg:grid-cols-3 gap-2\">\n\n            <template x-for=\"(post, index) in posts[page]\" :key=\"post.id\" >\n                <div x-show=\"post.person_name\" class=\"px-6 lg:p-0 mb-5 flex flex-col justify-between\">\n\n                    <div class=\"\">\n\n                        <div x-show=\"post.person_image\">\n                            <img loading=\"lazy\" class=\"block w-full !h-[200px] !object-cover !object-center mb-2\" x-bind:src=\"post.person_image\" x-bind:alt=\"post.person_name\">\n                        <\/div>\n\n                        <div class=\"w-full h-[200px] bg-slate-200 mb-2\" x-show=\"!post.person_image\"><\/div>\n\n                        <p x-show=\"post.person_job\" class=\"text-primary !mb-0\" x-text=\"post.person_job\"><\/p>\n                        <p x-show=\"post.person_name\" class=\"font-bold text-xl !mb-2\" x-text=\"post.person_name\"><\/p>\n\n                    <\/div>\n\n\n                    <div class=\"bg-primary p-2 flex items-center gap-2 min-h-[41px]\">\n\n                        <div x-show=\"post.person_email\">\n                            <a class=\"hover:opacity-75\" x-bind:href=\"'mailto:' + post.person_email\" target=\"_blank\">\n                                <img decoding=\"async\" class=\"w-[35px] h-[25px] object-contain\" src=\"https:\/\/agrupacionespsoe.es\/lalinea\/wp-content\/themes\/psoe-agrupaciones-theme\/public\/sobre.3df6b5.svg\" alt=\"Email\">\n                            <\/a>\n                        <\/div>\n\n                        <div x-show=\"post.person_facebook\">\n                            <a class=\"hover:opacity-75\" x-bind:href=\"post.person_facebook\" target=\"_blank\">\n                                <img decoding=\"async\" class=\"w-[35px] h-[25px] object-contain\" src=\"https:\/\/agrupacionespsoe.es\/lalinea\/wp-content\/themes\/psoe-agrupaciones-theme\/public\/facebook.7cc207.svg\" alt=\"Facebook\">\n                            <\/a>\n                        <\/div>\n\n                        <div x-show=\"post.person_twitter\">\n                            <a class=\"hover:opacity-75\" x-bind:href=\"post.person_twitter\" target=\"_blank\">\n                                <img decoding=\"async\" class=\"w-[35px] h-[25px] object-contain\" src=\"https:\/\/agrupacionespsoe.es\/lalinea\/wp-content\/themes\/psoe-agrupaciones-theme\/public\/twitter.f9344f.svg\" alt=\"Twitter\">\n                            <\/a>\n                        <\/div>\n\n                    <\/div>\n\n                <\/div>\n            <\/template>\n\n        <\/div>\n\n        <div x-cloak x-show=\"hasPagination()\" class=\"flex flex-wrap justify-center border-t pt-4 mt-5\">\n            <button class=\"text-sm pr-1 mx-1\" type=\"button\" @click=\"goToPage(1)\">\n                <svg class=\"h-4 w-4 text-body\" width=\"24\" height=\"24\" viewBox=\"0 0 24 24\" fill=\"none\" stroke=\"currentColor\" stroke-width=\"2\" stroke-linecap=\"round\" stroke-linejoin=\"round\">\n                    <polygon points=\"19 20 9 12 19 4 19 20\"><\/polygon>\n                    <line x1=\"5\" y1=\"19\" x2=\"5\" y2=\"5\"><\/line>\n                <\/svg>\n            <\/button>\n\n            <button class=\"text-sm px-1 mx-1\" type=\"button\" @click=\"goToPage(Math.max(1, page-1))\">Anterior<\/button>\n\n            <template x-for=\"i in parseInt(maxNumPages)\" :key=\"i\">\n                <button x-show=\"((page-i < 3) &#038;&#038; (i-page < 3))\" class=\"text-sm px-2 py-1 mx-1\" :class=\"i == page ? 'bg-primary text-white' : ''\" type=\"button\" x-text=\"i\" @click=\"goToPage(i)\"><\/button>\n            <\/template>\n\n            <button class=\"text-sm px-1 mx-1\" type=\"button\" @click=\"goToPage(Math.min(maxNumPages, page+1))\">Siguiente<\/button>\n\n            <button class=\"text-sm pl-1 mx-1\" type=\"button\" @click=\"goToPage(maxNumPages)\">\n                <svg class=\"h-4 w-4 text-body\" width=\"24\" height=\"24\" viewBox=\"0 0 24 24\" fill=\"none\" stroke=\"currentColor\" stroke-width=\"2\" stroke-linecap=\"round\" stroke-linejoin=\"round\">\n                    <polygon points=\"5 4 15 12 5 20 5 4\"><\/polygon>\n                    <line x1=\"19\" y1=\"5\" x2=\"19\" y2=\"19\"><\/line>\n                <\/svg>\n            <\/button>\n        <\/div>\n\n    <\/div>\n\n<\/section>\n\n\n\n<section class=\"wp-block-psoe-separador bg-primary px-2\"><hr class=\"color-white bg-white opacity-1 h-[1px] w-full\" \/><\/section>\n\n\n<section class=\"py-12 bg-white\">\n    <div class=\"max-w-screen-lg mx-auto\">\n\n        <div class=\"md:grid md:grid-cols-2 md:gap-2 items-center\">\n            <div class=\"p-2\">\n                <img decoding=\"async\" class=\"hidden md:inline-block\" src=\"https:\/\/agrupacionespsoe.es\/lalinea\/wp-content\/themes\/psoe-agrupaciones-theme\/public\/gobernando-white.518491.png\" alt=\"Gobernando con hechos\">\n                <img decoding=\"async\" class=\"block md:hidden mx-auto mb-5\" src=\"https:\/\/agrupacionespsoe.es\/lalinea\/wp-content\/themes\/psoe-agrupaciones-theme\/public\/gobernando-white-mobile.caeb39.png\" alt=\"Gobernando con hechos\">\n            <\/div>\n\n            <div class=\"p-2 text-center\">\n                <a class=\"hover:opacity-75 md:inline px-8 lg:px-14 py-2 lg:py-4 font-bold text-center lg:text-xl uppercase bg-primary !text-white\" href=\"https:\/\/afiliate.psoe.es\/Affiliation\/AffiliationHome\" >\n                    Af\u00edliate\n                <\/a>\n            <\/div>\n        <\/div>\n\n    <\/div>\n<\/section>\n\n\n<section class=\"py-12 bg-white\">\n    <div class=\"max-w-screen-lg mx-auto\">\n\n        <div class=\"md:grid md:grid-cols-2 md:gap-2 items-center\">\n            <div class=\"p-2\">\n                <img decoding=\"async\" class=\"hidden md:inline-block\" src=\"https:\/\/agrupacionespsoe.es\/lalinea\/wp-content\/themes\/psoe-agrupaciones-theme\/public\/gobernando-white.518491.png\" alt=\"Gobernando con hechos\">\n                <img decoding=\"async\" class=\"block md:hidden mx-auto mb-5\" src=\"https:\/\/agrupacionespsoe.es\/lalinea\/wp-content\/themes\/psoe-agrupaciones-theme\/public\/gobernando-white-mobile.caeb39.png\" alt=\"Gobernando con hechos\">\n            <\/div>\n\n            <div class=\"p-2 text-center\">\n                <a class=\"hover:opacity-75 md:inline px-8 lg:px-14 py-2 lg:py-4 font-bold text-center lg:text-xl uppercase bg-primary !text-white\" href=\"https:\/\/afiliate.psoe.es\/Affiliation\/AffiliationHome\" >\n                    Af\u00edliate\n                <\/a>\n            <\/div>\n        <\/div>\n\n    <\/div>\n<\/section>\n","protected":false},"excerpt":{"rendered":"","protected":false},"author":111,"featured_media":0,"parent":0,"menu_order":0,"comment_status":"closed","ping_status":"closed","template":"","meta":{"footnotes":""},"class_list":["post-227","page","type-page","status-publish","hentry"],"yoast_head":"<!-- This site is optimized with the Yoast SEO plugin v24.0 - https:\/\/yoast.com\/wordpress\/plugins\/seo\/ -->\n<title>Grupo Municipal - Agrupaci\u00f3n Socialista de La L\u00ednea<\/title>\n<meta name=\"robots\" content=\"index, follow, max-snippet:-1, max-image-preview:large, max-video-preview:-1\" \/>\n<link rel=\"canonical\" href=\"https:\/\/agrupacionespsoe.es\/lalinea\/candidarura\/\" \/>\n<meta property=\"og:locale\" content=\"es_ES\" \/>\n<meta property=\"og:type\" content=\"article\" \/>\n<meta property=\"og:title\" content=\"Grupo Municipal - Agrupaci\u00f3n Socialista de La L\u00ednea\" \/>\n<meta property=\"og:url\" content=\"https:\/\/agrupacionespsoe.es\/lalinea\/candidarura\/\" \/>\n<meta property=\"og:site_name\" content=\"Agrupaci\u00f3n Socialista de La L\u00ednea\" \/>\n<meta property=\"article:modified_time\" content=\"2023-06-26T11:45:00+00:00\" \/>\n<meta name=\"twitter:card\" content=\"summary_large_image\" \/>\n<script type=\"application\/ld+json\" class=\"yoast-schema-graph\">{\"@context\":\"https:\/\/schema.org\",\"@graph\":[{\"@type\":\"WebPage\",\"@id\":\"https:\/\/agrupacionespsoe.es\/lalinea\/candidarura\/\",\"url\":\"https:\/\/agrupacionespsoe.es\/lalinea\/candidarura\/\",\"name\":\"Grupo Municipal - Agrupaci\u00f3n Socialista de La L\u00ednea\",\"isPartOf\":{\"@id\":\"https:\/\/agrupacionespsoe.es\/lalinea\/#website\"},\"datePublished\":\"2023-04-14T16:23:31+00:00\",\"dateModified\":\"2023-06-26T11:45:00+00:00\",\"breadcrumb\":{\"@id\":\"https:\/\/agrupacionespsoe.es\/lalinea\/candidarura\/#breadcrumb\"},\"inLanguage\":\"es\",\"potentialAction\":[{\"@type\":\"ReadAction\",\"target\":[\"https:\/\/agrupacionespsoe.es\/lalinea\/candidarura\/\"]}]},{\"@type\":\"BreadcrumbList\",\"@id\":\"https:\/\/agrupacionespsoe.es\/lalinea\/candidarura\/#breadcrumb\",\"itemListElement\":[{\"@type\":\"ListItem\",\"position\":1,\"name\":\"Portada\",\"item\":\"https:\/\/agrupacionespsoe.es\/lalinea\/\"},{\"@type\":\"ListItem\",\"position\":2,\"name\":\"Grupo Municipal\"}]},{\"@type\":\"WebSite\",\"@id\":\"https:\/\/agrupacionespsoe.es\/lalinea\/#website\",\"url\":\"https:\/\/agrupacionespsoe.es\/lalinea\/\",\"name\":\"Agrupaci\u00f3n Socialista de La L\u00ednea\",\"description\":\"Agrupaci\u00f3n Socialista de La L\u00ednea\",\"publisher\":{\"@id\":\"https:\/\/agrupacionespsoe.es\/lalinea\/#organization\"},\"potentialAction\":[{\"@type\":\"SearchAction\",\"target\":{\"@type\":\"EntryPoint\",\"urlTemplate\":\"https:\/\/agrupacionespsoe.es\/lalinea\/?s={search_term_string}\"},\"query-input\":{\"@type\":\"PropertyValueSpecification\",\"valueRequired\":true,\"valueName\":\"search_term_string\"}}],\"inLanguage\":\"es\"},{\"@type\":\"Organization\",\"@id\":\"https:\/\/agrupacionespsoe.es\/lalinea\/#organization\",\"name\":\"Agrupaci\u00f3n Socialista de La L\u00ednea\",\"url\":\"https:\/\/agrupacionespsoe.es\/lalinea\/\",\"logo\":{\"@type\":\"ImageObject\",\"inLanguage\":\"es\",\"@id\":\"https:\/\/agrupacionespsoe.es\/lalinea\/#\/schema\/logo\/image\/\",\"url\":\"https:\/\/agrupacionespsoe.es\/wp-content\/uploads\/2022\/07\/Logotipo_electoral_del_PSOE.png\",\"contentUrl\":\"https:\/\/agrupacionespsoe.es\/wp-content\/uploads\/2022\/07\/Logotipo_electoral_del_PSOE.png\",\"width\":422,\"height\":422,\"caption\":\"Agrupaci\u00f3n Socialista de La L\u00ednea\"},\"image\":{\"@id\":\"https:\/\/agrupacionespsoe.es\/lalinea\/#\/schema\/logo\/image\/\"}}]}<\/script>\n<!-- \/ Yoast SEO plugin. -->","yoast_head_json":{"title":"Grupo Municipal - Agrupaci\u00f3n Socialista de La L\u00ednea","robots":{"index":"index","follow":"follow","max-snippet":"max-snippet:-1","max-image-preview":"max-image-preview:large","max-video-preview":"max-video-preview:-1"},"canonical":"https:\/\/agrupacionespsoe.es\/lalinea\/candidarura\/","og_locale":"es_ES","og_type":"article","og_title":"Grupo Municipal - Agrupaci\u00f3n Socialista de La L\u00ednea","og_url":"https:\/\/agrupacionespsoe.es\/lalinea\/candidarura\/","og_site_name":"Agrupaci\u00f3n Socialista de La L\u00ednea","article_modified_time":"2023-06-26T11:45:00+00:00","twitter_card":"summary_large_image","schema":{"@context":"https:\/\/schema.org","@graph":[{"@type":"WebPage","@id":"https:\/\/agrupacionespsoe.es\/lalinea\/candidarura\/","url":"https:\/\/agrupacionespsoe.es\/lalinea\/candidarura\/","name":"Grupo Municipal - Agrupaci\u00f3n Socialista de La L\u00ednea","isPartOf":{"@id":"https:\/\/agrupacionespsoe.es\/lalinea\/#website"},"datePublished":"2023-04-14T16:23:31+00:00","dateModified":"2023-06-26T11:45:00+00:00","breadcrumb":{"@id":"https:\/\/agrupacionespsoe.es\/lalinea\/candidarura\/#breadcrumb"},"inLanguage":"es","potentialAction":[{"@type":"ReadAction","target":["https:\/\/agrupacionespsoe.es\/lalinea\/candidarura\/"]}]},{"@type":"BreadcrumbList","@id":"https:\/\/agrupacionespsoe.es\/lalinea\/candidarura\/#breadcrumb","itemListElement":[{"@type":"ListItem","position":1,"name":"Portada","item":"https:\/\/agrupacionespsoe.es\/lalinea\/"},{"@type":"ListItem","position":2,"name":"Grupo Municipal"}]},{"@type":"WebSite","@id":"https:\/\/agrupacionespsoe.es\/lalinea\/#website","url":"https:\/\/agrupacionespsoe.es\/lalinea\/","name":"Agrupaci\u00f3n Socialista de La L\u00ednea","description":"Agrupaci\u00f3n Socialista de La L\u00ednea","publisher":{"@id":"https:\/\/agrupacionespsoe.es\/lalinea\/#organization"},"potentialAction":[{"@type":"SearchAction","target":{"@type":"EntryPoint","urlTemplate":"https:\/\/agrupacionespsoe.es\/lalinea\/?s={search_term_string}"},"query-input":{"@type":"PropertyValueSpecification","valueRequired":true,"valueName":"search_term_string"}}],"inLanguage":"es"},{"@type":"Organization","@id":"https:\/\/agrupacionespsoe.es\/lalinea\/#organization","name":"Agrupaci\u00f3n Socialista de La L\u00ednea","url":"https:\/\/agrupacionespsoe.es\/lalinea\/","logo":{"@type":"ImageObject","inLanguage":"es","@id":"https:\/\/agrupacionespsoe.es\/lalinea\/#\/schema\/logo\/image\/","url":"https:\/\/agrupacionespsoe.es\/wp-content\/uploads\/2022\/07\/Logotipo_electoral_del_PSOE.png","contentUrl":"https:\/\/agrupacionespsoe.es\/wp-content\/uploads\/2022\/07\/Logotipo_electoral_del_PSOE.png","width":422,"height":422,"caption":"Agrupaci\u00f3n Socialista de La L\u00ednea"},"image":{"@id":"https:\/\/agrupacionespsoe.es\/lalinea\/#\/schema\/logo\/image\/"}}]}},"jetpack_sharing_enabled":true,"_links":{"self":[{"href":"https:\/\/agrupacionespsoe.es\/lalinea\/wp-json\/wp\/v2\/pages\/227","targetHints":{"allow":["GET"]}}],"collection":[{"href":"https:\/\/agrupacionespsoe.es\/lalinea\/wp-json\/wp\/v2\/pages"}],"about":[{"href":"https:\/\/agrupacionespsoe.es\/lalinea\/wp-json\/wp\/v2\/types\/page"}],"author":[{"embeddable":true,"href":"https:\/\/agrupacionespsoe.es\/lalinea\/wp-json\/wp\/v2\/users\/111"}],"replies":[{"embeddable":true,"href":"https:\/\/agrupacionespsoe.es\/lalinea\/wp-json\/wp\/v2\/comments?post=227"}],"version-history":[{"count":38,"href":"https:\/\/agrupacionespsoe.es\/lalinea\/wp-json\/wp\/v2\/pages\/227\/revisions"}],"predecessor-version":[{"id":419,"href":"https:\/\/agrupacionespsoe.es\/lalinea\/wp-json\/wp\/v2\/pages\/227\/revisions\/419"}],"wp:attachment":[{"href":"https:\/\/agrupacionespsoe.es\/lalinea\/wp-json\/wp\/v2\/media?parent=227"}],"curies":[{"name":"wp","href":"https:\/\/api.w.org\/{rel}","templated":true}]}}