{"id":3,"date":"2022-10-13T11:42:26","date_gmt":"2022-10-13T09:42:26","guid":{"rendered":"https:\/\/agrupacionespsoe.es\/castello\/nosotros\/"},"modified":"2026-02-16T20:17:56","modified_gmt":"2026-02-16T19:17:56","slug":"comision-ejecutiva-municipal","status":"publish","type":"page","link":"https:\/\/agrupacionespsoe.es\/castello\/comision-ejecutiva-municipal\/","title":{"rendered":"Comisi\u00f3n Ejecutiva Municipal"},"content":{"rendered":"\n<div style=\"height:40px\" aria-hidden=\"true\" class=\"wp-block-spacer\"><\/div>\n\n\n\n<p class=\"has-text-align-center has-large-font-size\">Comisi\u00f3n Ejecutiva Municipal<\/p>\n\n\n\n<hr class=\"wp-block-separator has-alpha-channel-opacity\" \/>\n\n\n<section class=\"py-4\">\n    <div class=\"md:flex md:flex-wrap md:gap-2\">\n\n                    \n                \n                <div class=\"h-[300px] 2xl:h-[400px] md:h-44 md:h-80 lg:h-60 my-2 lg:my-0 bg-cover bg-center flex flex-col justify-end items-start p-10 md:p-4 lg:p-5 hover:shadow-[inset_0_0_100px_100px_rgba(0,0,0,0.6)] transition-all\" style=\"background-image: url('https:\/\/agrupacionespsoe.es\/castello\/wp-content\/uploads\/sites\/45\/2024\/06\/01-Soldeda-Ten-Bachero.jpg'); flex: 1 0 20%;\">\n                                            <h2 class=\"text-white !font-normal text-xl my-0 mb-2\">Presidenta<\/h2>\n                    \n                                            <a class=\"bg-primary !text-white hover:bg-white hover:!text-primary uppercase  px-4 lg:px-10 py-2 my-0 text-white font-bold text-sm\" href=\"https:\/\/agrupacionespsoe.es\/castello\/comision-ejecutiva-municipal\/\" >Soledad Ten Bachero<\/a>\n                                    <\/div>\n            \n                \n                <div class=\"h-[300px] 2xl:h-[400px] md:h-44 md:h-80 lg:h-60 my-2 lg:my-0 bg-cover bg-center flex flex-col justify-end items-start p-10 md:p-4 lg:p-5 hover:shadow-[inset_0_0_100px_100px_rgba(0,0,0,0.6)] transition-all\" style=\"background-image: url('https:\/\/agrupacionespsoe.es\/castello\/wp-content\/uploads\/sites\/45\/2024\/06\/02-Rafa-Simo-Sancho.jpg'); flex: 1 0 20%;\">\n                                            <h2 class=\"text-white !font-normal text-xl my-0 mb-2\">Secretari General<\/h2>\n                    \n                                            <a class=\"bg-primary !text-white hover:bg-white hover:!text-primary uppercase  px-4 lg:px-10 py-2 my-0 text-white font-bold text-sm\" href=\"https:\/\/agrupacionespsoe.es\/castello\/comision-ejecutiva-municipal\/\" >Rafa Sim\u00f3 Sancho<\/a>\n                                    <\/div>\n            \n                \n                <div class=\"h-[300px] 2xl:h-[400px] md:h-44 md:h-80 lg:h-60 my-2 lg:my-0 bg-cover bg-center flex flex-col justify-end items-start p-10 md:p-4 lg:p-5 hover:shadow-[inset_0_0_100px_100px_rgba(0,0,0,0.6)] transition-all\" style=\"background-image: url('https:\/\/agrupacionespsoe.es\/castello\/wp-content\/uploads\/sites\/45\/2023\/04\/2.-JOSE-LUIS-LOPEZ-IBANEZ-2-1-scaled.jpg'); flex: 1 0 20%;\">\n                                            <h2 class=\"text-white !font-normal text-xl my-0 mb-2\">Vicesecretario General de Pol\u00edticas Sociales y Adjunto a Org<\/h2>\n                    \n                                            <a class=\"bg-primary !text-white hover:bg-white hover:!text-primary uppercase  px-4 lg:px-10 py-2 my-0 text-white font-bold text-sm\" href=\"https:\/\/agrupacionespsoe.es\/castello\/comision-ejecutiva-municipal\/\" >Jos\u00e9 Luis L\u00f3pez Ib\u00e1\u00f1ez<\/a>\n                                    <\/div>\n                    \n    <\/div>\n<\/section>\n\n\n<section class=\"py-4\">\n    <div class=\"md:flex md:flex-wrap md:gap-2\">\n\n                    \n                \n                <div class=\"h-[300px] 2xl:h-[400px] md:h-44 md:h-80 lg:h-60 my-2 lg:my-0 bg-cover bg-center flex flex-col justify-end items-start p-10 md:p-4 lg:p-5 hover:shadow-[inset_0_0_100px_100px_rgba(0,0,0,0.6)] transition-all\" style=\"background-image: url('https:\/\/agrupacionespsoe.es\/castello\/wp-content\/uploads\/sites\/45\/2024\/06\/05-Federico-Arnau-Moya.jpg'); flex: 1 0 20%;\">\n                                            <h2 class=\"text-white !font-normal text-xl my-0 mb-2\">Vicesecretario de Pol\u00edtica Municipal<\/h2>\n                    \n                                            <a class=\"bg-primary !text-white hover:bg-white hover:!text-primary uppercase  px-4 lg:px-10 py-2 my-0 text-white font-bold text-sm\" href=\"https:\/\/agrupacionespsoe.es\/castello\/comision-ejecutiva-municipal\/\" >Federico Arnau Moya<\/a>\n                                    <\/div>\n            \n                \n                <div class=\"h-[300px] 2xl:h-[400px] md:h-44 md:h-80 lg:h-60 my-2 lg:my-0 bg-cover bg-center flex flex-col justify-end items-start p-10 md:p-4 lg:p-5 hover:shadow-[inset_0_0_100px_100px_rgba(0,0,0,0.6)] transition-all\" style=\"background-image: url('https:\/\/agrupacionespsoe.es\/castello\/wp-content\/uploads\/sites\/45\/2023\/04\/6.-JORGE-RIBES-VICENTE-2-1-scaled.jpg'); flex: 1 0 20%;\">\n                                            <h2 class=\"text-white !font-normal text-xl my-0 mb-2\">Vicesecretario de Estrategia y Portavoz<\/h2>\n                    \n                                            <a class=\"bg-primary !text-white hover:bg-white hover:!text-primary uppercase  px-4 lg:px-10 py-2 my-0 text-white font-bold text-sm\" href=\"https:\/\/agrupacionespsoe.es\/castello\/comision-ejecutiva-municipal\/\" >Jorge Ribes Vicente<\/a>\n                                    <\/div>\n            \n                \n                <div class=\"h-[300px] 2xl:h-[400px] md:h-44 md:h-80 lg:h-60 my-2 lg:my-0 bg-cover bg-center flex flex-col justify-end items-start p-10 md:p-4 lg:p-5 hover:shadow-[inset_0_0_100px_100px_rgba(0,0,0,0.6)] transition-all\" style=\"background-image: url('https:\/\/agrupacionespsoe.es\/castello\/wp-content\/uploads\/sites\/45\/2024\/06\/03-Eva-Redondo-Gamero.jpg'); flex: 1 0 20%;\">\n                                            <h2 class=\"text-white !font-normal text-xl my-0 mb-2\">Secretaria de Organizaci\u00f3n<\/h2>\n                    \n                                            <a class=\"bg-primary !text-white hover:bg-white hover:!text-primary uppercase  px-4 lg:px-10 py-2 my-0 text-white font-bold text-sm\" href=\"https:\/\/agrupacionespsoe.es\/castello\/comision-ejecutiva-municipal\/\" >Eva Redondo Gamero<\/a>\n                                    <\/div>\n                    \n    <\/div>\n<\/section>\n\n\n<section class=\"py-4\">\n    <div class=\"md:flex md:flex-wrap md:gap-2\">\n\n                    \n                \n                <div class=\"h-[300px] 2xl:h-[400px] md:h-44 md:h-80 lg:h-60 my-2 lg:my-0 bg-cover bg-center flex flex-col justify-end items-start p-10 md:p-4 lg:p-5 hover:shadow-[inset_0_0_100px_100px_rgba(0,0,0,0.6)] transition-all\" style=\"background-image: url('https:\/\/agrupacionespsoe.es\/castello\/wp-content\/uploads\/sites\/45\/2023\/04\/17.-GEMA-SORIANO-BARCELO-2-1-scaled.jpg'); flex: 1 0 20%;\">\n                                            <h2 class=\"text-white !font-normal text-xl my-0 mb-2\">Secretaria de Igualdad y lucha contra la Violencia de G\u00e9nero<\/h2>\n                    \n                                            <a class=\"bg-primary !text-white hover:bg-white hover:!text-primary uppercase  px-4 lg:px-10 py-2 my-0 text-white font-bold text-sm\" href=\"https:\/\/agrupacionespsoe.es\/castello\/comision-ejecutiva-municipal\/\" >Gemma Soriano Barcel\u00f3<\/a>\n                                    <\/div>\n            \n                \n                <div class=\"h-[300px] 2xl:h-[400px] md:h-44 md:h-80 lg:h-60 my-2 lg:my-0 bg-cover bg-center flex flex-col justify-end items-start p-10 md:p-4 lg:p-5 hover:shadow-[inset_0_0_100px_100px_rgba(0,0,0,0.6)] transition-all\" style=\"background-image: url('https:\/\/agrupacionespsoe.es\/castello\/wp-content\/uploads\/sites\/45\/2023\/02\/Silueta-hombre-2000x1125-px.jpg'); flex: 1 0 20%;\">\n                                            <h2 class=\"text-white !font-normal text-xl my-0 mb-2\">Secretario de Calidad Democr\u00e1tica, Derechos y Garant\u00edas<\/h2>\n                    \n                                            <a class=\"bg-primary !text-white hover:bg-white hover:!text-primary uppercase  px-4 lg:px-10 py-2 my-0 text-white font-bold text-sm\" href=\"https:\/\/agrupacionespsoe.es\/castello\/comision-ejecutiva-municipal\/\" >Artemi rallo lombarte<\/a>\n                                    <\/div>\n            \n                \n                <div class=\"h-[300px] 2xl:h-[400px] md:h-44 md:h-80 lg:h-60 my-2 lg:my-0 bg-cover bg-center flex flex-col justify-end items-start p-10 md:p-4 lg:p-5 hover:shadow-[inset_0_0_100px_100px_rgba(0,0,0,0.6)] transition-all\" style=\"background-image: url('https:\/\/agrupacionespsoe.es\/castello\/wp-content\/uploads\/sites\/45\/2024\/06\/32-Kevin-Rost-Cuadra.jpg'); flex: 1 0 20%;\">\n                                            <h2 class=\"text-white !font-normal text-xl my-0 mb-2\">Secretario de \u00c1rea de Construimos la Alternativa<\/h2>\n                    \n                                            <a class=\"bg-primary !text-white hover:bg-white hover:!text-primary uppercase  px-4 lg:px-10 py-2 my-0 text-white font-bold text-sm\" href=\"https:\/\/agrupacionespsoe.es\/castello\/comision-ejecutiva-municipal\/\" >Kevin Rost cuadra<\/a>\n                                    <\/div>\n                    \n    <\/div>\n<\/section>\n\n\n<section class=\"py-4\">\n    <div class=\"md:flex md:flex-wrap md:gap-2\">\n\n                    \n                \n                <div class=\"h-[300px] 2xl:h-[400px] md:h-44 md:h-80 lg:h-60 my-2 lg:my-0 bg-cover bg-center flex flex-col justify-end items-start p-10 md:p-4 lg:p-5 hover:shadow-[inset_0_0_100px_100px_rgba(0,0,0,0.6)] transition-all\" style=\"background-image: url('https:\/\/agrupacionespsoe.es\/castello\/wp-content\/uploads\/sites\/45\/2024\/06\/17-Ana-Vanesa-Tabernero-Diaz.jpg'); flex: 1 0 20%;\">\n                                            <h2 class=\"text-white !font-normal text-xl my-0 mb-2\">Secretaria de \u00c1rea de Pilares del Bienestar y Sanidad<\/h2>\n                    \n                                            <a class=\"bg-primary !text-white hover:bg-white hover:!text-primary uppercase  px-4 lg:px-10 py-2 my-0 text-white font-bold text-sm\" href=\"https:\/\/agrupacionespsoe.es\/castello\/comision-ejecutiva-municipal\/\" >Ana Vanesa Tabernero d\u00edaz<\/a>\n                                    <\/div>\n            \n                \n                <div class=\"h-[300px] 2xl:h-[400px] md:h-44 md:h-80 lg:h-60 my-2 lg:my-0 bg-cover bg-center flex flex-col justify-end items-start p-10 md:p-4 lg:p-5 hover:shadow-[inset_0_0_100px_100px_rgba(0,0,0,0.6)] transition-all\" style=\"background-image: url('https:\/\/agrupacionespsoe.es\/castello\/wp-content\/uploads\/sites\/45\/2024\/06\/08-SergioTomas-Romero.jpg'); flex: 1 0 20%;\">\n                                            <h2 class=\"text-white !font-normal text-xl my-0 mb-2\">Secretario de \u00c1rea de Identidad Local y Barrios<\/h2>\n                    \n                                            <a class=\"bg-primary !text-white hover:bg-white hover:!text-primary uppercase  px-4 lg:px-10 py-2 my-0 text-white font-bold text-sm\" href=\"https:\/\/agrupacionespsoe.es\/castello\/comision-ejecutiva-municipal\/\" >SERGIO TOM\u00c1S ROMERO<\/a>\n                                    <\/div>\n            \n                \n                <div class=\"h-[300px] 2xl:h-[400px] md:h-44 md:h-80 lg:h-60 my-2 lg:my-0 bg-cover bg-center flex flex-col justify-end items-start p-10 md:p-4 lg:p-5 hover:shadow-[inset_0_0_100px_100px_rgba(0,0,0,0.6)] transition-all\" style=\"background-image: url('https:\/\/agrupacionespsoe.es\/castello\/wp-content\/uploads\/sites\/45\/2023\/02\/Silueta-mujer-2000x1125-px.jpg'); flex: 1 0 20%;\">\n                                            <h2 class=\"text-white !font-normal text-xl my-0 mb-2\">Secretaria de Pol\u00edticas Sociales y Tercer Sector<\/h2>\n                    \n                                            <a class=\"bg-primary !text-white hover:bg-white hover:!text-primary uppercase  px-4 lg:px-10 py-2 my-0 text-white font-bold text-sm\" href=\"https:\/\/agrupacionespsoe.es\/castello\/comision-ejecutiva-municipal\/\" >Andrea Ah\u00eds Mart\u00ednez<\/a>\n                                    <\/div>\n                    \n    <\/div>\n<\/section>\n\n\n<section class=\"py-4\">\n    <div class=\"md:flex md:flex-wrap md:gap-2\">\n\n                    \n                \n                <div class=\"h-[300px] 2xl:h-[400px] md:h-44 md:h-80 lg:h-60 my-2 lg:my-0 bg-cover bg-center flex flex-col justify-end items-start p-10 md:p-4 lg:p-5 hover:shadow-[inset_0_0_100px_100px_rgba(0,0,0,0.6)] transition-all\" style=\"background-image: url('https:\/\/agrupacionespsoe.es\/castello\/wp-content\/uploads\/sites\/45\/2023\/02\/Silueta-hombre-2000x1125-px.jpg'); flex: 1 0 20%;\">\n                                            <h2 class=\"text-white !font-normal text-xl my-0 mb-2\">Secretario de Vivienda<\/h2>\n                    \n                                            <a class=\"bg-primary !text-white hover:bg-white hover:!text-primary uppercase  px-4 lg:px-10 py-2 my-0 text-white font-bold text-sm\" href=\"https:\/\/agrupacionespsoe.es\/castello\/comision-ejecutiva-municipal\/\" >David Donate Castiblanque<\/a>\n                                    <\/div>\n            \n                \n                <div class=\"h-[300px] 2xl:h-[400px] md:h-44 md:h-80 lg:h-60 my-2 lg:my-0 bg-cover bg-center flex flex-col justify-end items-start p-10 md:p-4 lg:p-5 hover:shadow-[inset_0_0_100px_100px_rgba(0,0,0,0.6)] transition-all\" style=\"background-image: url('https:\/\/agrupacionespsoe.es\/castello\/wp-content\/uploads\/sites\/45\/2024\/08\/Sin-titulo-1.jpg'); flex: 1 0 20%;\">\n                                            <h2 class=\"text-white !font-normal text-xl my-0 mb-2\">Secretaria de la Casa del Pueblo y Atenci\u00f3n a la Militancia<\/h2>\n                    \n                                            <a class=\"bg-primary !text-white hover:bg-white hover:!text-primary uppercase  px-4 lg:px-10 py-2 my-0 text-white font-bold text-sm\" href=\"https:\/\/agrupacionespsoe.es\/castello\/comision-ejecutiva-municipal\/\" >Angels Ma\u00f1ez Agust\u00ed<\/a>\n                                    <\/div>\n            \n                \n                <div class=\"h-[300px] 2xl:h-[400px] md:h-44 md:h-80 lg:h-60 my-2 lg:my-0 bg-cover bg-center flex flex-col justify-end items-start p-10 md:p-4 lg:p-5 hover:shadow-[inset_0_0_100px_100px_rgba(0,0,0,0.6)] transition-all\" style=\"background-image: url('https:\/\/agrupacionespsoe.es\/castello\/wp-content\/uploads\/sites\/45\/2024\/06\/14-Jose-Luis-Lorenz-Andres.jpg'); flex: 1 0 20%;\">\n                                            <h2 class=\"text-white !font-normal text-xl my-0 mb-2\">Secretario de Educaci\u00f3n y Defensa de Valenciano<\/h2>\n                    \n                                            <a class=\"bg-primary !text-white hover:bg-white hover:!text-primary uppercase  px-4 lg:px-10 py-2 my-0 text-white font-bold text-sm\" href=\"https:\/\/agrupacionespsoe.es\/castello\/comision-ejecutiva-municipal\/\" >Jos\u00e9 Luis Lorenz Andr\u00e9s<\/a>\n                                    <\/div>\n                    \n    <\/div>\n<\/section>\n\n\n<section class=\"py-4\">\n    <div class=\"md:flex md:flex-wrap md:gap-2\">\n\n                    \n                \n                <div class=\"h-[300px] 2xl:h-[400px] md:h-44 md:h-80 lg:h-60 my-2 lg:my-0 bg-cover bg-center flex flex-col justify-end items-start p-10 md:p-4 lg:p-5 hover:shadow-[inset_0_0_100px_100px_rgba(0,0,0,0.6)] transition-all\" style=\"background-image: url('https:\/\/agrupacionespsoe.es\/castello\/wp-content\/uploads\/sites\/45\/2024\/06\/34-Laura-Munoz-Paredes.jpg'); flex: 1 0 20%;\">\n                                            <h2 class=\"text-white !font-normal text-xl my-0 mb-2\">Secretaria de Comunicaci\u00f3n<\/h2>\n                    \n                                            <a class=\"bg-primary !text-white hover:bg-white hover:!text-primary uppercase  px-4 lg:px-10 py-2 my-0 text-white font-bold text-sm\" href=\"https:\/\/agrupacionespsoe.es\/castello\/comision-ejecutiva-municipal\/\" >Laura Mu\u00f1oz Paredes<\/a>\n                                    <\/div>\n            \n                \n                <div class=\"h-[300px] 2xl:h-[400px] md:h-44 md:h-80 lg:h-60 my-2 lg:my-0 bg-cover bg-center flex flex-col justify-end items-start p-10 md:p-4 lg:p-5 hover:shadow-[inset_0_0_100px_100px_rgba(0,0,0,0.6)] transition-all\" style=\"background-image: url('https:\/\/agrupacionespsoe.es\/castello\/wp-content\/uploads\/sites\/45\/2024\/06\/16-Miguel-Angel-Torres-Matute.jpg'); flex: 1 0 20%;\">\n                                            <h2 class=\"text-white !font-normal text-xl my-0 mb-2\">Secretario de Programa Electoral<\/h2>\n                    \n                                            <a class=\"bg-primary !text-white hover:bg-white hover:!text-primary uppercase  px-4 lg:px-10 py-2 my-0 text-white font-bold text-sm\" href=\"https:\/\/agrupacionespsoe.es\/castello\/comision-ejecutiva-municipal\/\" >Miguel \u00c1ngel Torres Matute<\/a>\n                                    <\/div>\n            \n                \n                <div class=\"h-[300px] 2xl:h-[400px] md:h-44 md:h-80 lg:h-60 my-2 lg:my-0 bg-cover bg-center flex flex-col justify-end items-start p-10 md:p-4 lg:p-5 hover:shadow-[inset_0_0_100px_100px_rgba(0,0,0,0.6)] transition-all\" style=\"background-image: url('https:\/\/agrupacionespsoe.es\/castello\/wp-content\/uploads\/sites\/45\/2023\/04\/9.-MONICA-BARABAS-2-1-scaled.jpg'); flex: 1 0 20%;\">\n                                            <h2 class=\"text-white !font-normal text-xl my-0 mb-2\">Secretaria de Agenda Urbana y Gobierno Abierto<\/h2>\n                    \n                                            <a class=\"bg-primary !text-white hover:bg-white hover:!text-primary uppercase  px-4 lg:px-10 py-2 my-0 text-white font-bold text-sm\" href=\"https:\/\/agrupacionespsoe.es\/castello\/comision-ejecutiva-municipal\/\" >M\u00f3nica Barab\u00e1s<\/a>\n                                    <\/div>\n                    \n    <\/div>\n<\/section>\n\n\n<section class=\"py-4\">\n    <div class=\"md:flex md:flex-wrap md:gap-2\">\n\n                    \n                \n                <div class=\"h-[300px] 2xl:h-[400px] md:h-44 md:h-80 lg:h-60 my-2 lg:my-0 bg-cover bg-center flex flex-col justify-end items-start p-10 md:p-4 lg:p-5 hover:shadow-[inset_0_0_100px_100px_rgba(0,0,0,0.6)] transition-all\" style=\"background-image: url('https:\/\/agrupacionespsoe.es\/castello\/wp-content\/uploads\/sites\/45\/2024\/06\/11-Salvador-Hugo-Lopez-Bernado.jpg'); flex: 1 0 20%;\">\n                                            <h2 class=\"text-white !font-normal text-xl my-0 mb-2\">Secretario de An\u00e1lisis y Acci\u00f3n Electoral<\/h2>\n                    \n                                            <a class=\"bg-primary !text-white hover:bg-white hover:!text-primary uppercase  px-4 lg:px-10 py-2 my-0 text-white font-bold text-sm\" href=\"https:\/\/agrupacionespsoe.es\/castello\/comision-ejecutiva-municipal\/\" >Salvador Hugo L\u00f3pez Bernad\u00f3<\/a>\n                                    <\/div>\n            \n                \n                <div class=\"h-[300px] 2xl:h-[400px] md:h-44 md:h-80 lg:h-60 my-2 lg:my-0 bg-cover bg-center flex flex-col justify-end items-start p-10 md:p-4 lg:p-5 hover:shadow-[inset_0_0_100px_100px_rgba(0,0,0,0.6)] transition-all\" style=\"background-image: url('https:\/\/agrupacionespsoe.es\/castello\/wp-content\/uploads\/sites\/45\/2024\/06\/12-Pilar-Mahiques-Santos-1.jpg'); flex: 1 0 20%;\">\n                                            <h2 class=\"text-white !font-normal text-xl my-0 mb-2\">Secretaria de Salud Mental<\/h2>\n                    \n                                            <a class=\"bg-primary !text-white hover:bg-white hover:!text-primary uppercase  px-4 lg:px-10 py-2 my-0 text-white font-bold text-sm\" href=\"https:\/\/agrupacionespsoe.es\/castello\/comision-ejecutiva-municipal\/\" >Pilar Mah\u00edques Santos<\/a>\n                                    <\/div>\n            \n                \n                <div class=\"h-[300px] 2xl:h-[400px] md:h-44 md:h-80 lg:h-60 my-2 lg:my-0 bg-cover bg-center flex flex-col justify-end items-start p-10 md:p-4 lg:p-5 hover:shadow-[inset_0_0_100px_100px_rgba(0,0,0,0.6)] transition-all\" style=\"background-image: url('https:\/\/agrupacionespsoe.es\/castello\/wp-content\/uploads\/sites\/45\/2024\/06\/31-Inake-Lorite-Martinez.jpg'); flex: 1 0 20%;\">\n                                            <h2 class=\"text-white !font-normal text-xl my-0 mb-2\">Secretaria de Acci\u00f3n Democr\u00e1tica y Transparencia<\/h2>\n                    \n                                            <a class=\"bg-primary !text-white hover:bg-white hover:!text-primary uppercase  px-4 lg:px-10 py-2 my-0 text-white font-bold text-sm\" href=\"https:\/\/agrupacionespsoe.es\/castello\/comision-ejecutiva-municipal\/\" >I\u00f1ake Lorite Mart\u00ednez<\/a>\n                                    <\/div>\n                    \n    <\/div>\n<\/section>\n\n\n<section class=\"py-4\">\n    <div class=\"md:flex md:flex-wrap md:gap-2\">\n\n                    \n                \n                <div class=\"h-[300px] 2xl:h-[400px] md:h-44 md:h-80 lg:h-60 my-2 lg:my-0 bg-cover bg-center flex flex-col justify-end items-start p-10 md:p-4 lg:p-5 hover:shadow-[inset_0_0_100px_100px_rgba(0,0,0,0.6)] transition-all\" style=\"background-image: url('https:\/\/agrupacionespsoe.es\/castello\/wp-content\/uploads\/sites\/45\/2024\/06\/30-Juan-Jose-Aguirre-Munoz-de-Morales.jpg'); flex: 1 0 20%;\">\n                                            <h2 class=\"text-white !font-normal text-xl my-0 mb-2\">Sec. de Planificaci\u00f3n, Sostenibilidad y Transici\u00f3n Verde<\/h2>\n                    \n                                            <a class=\"bg-primary !text-white hover:bg-white hover:!text-primary uppercase  px-4 lg:px-10 py-2 my-0 text-white font-bold text-sm\" href=\"https:\/\/agrupacionespsoe.es\/castello\/comision-ejecutiva-municipal\/\" >Juan Jos\u00e9 Aguirre Mu\u00f1oz de Morales<\/a>\n                                    <\/div>\n            \n                \n                <div class=\"h-[300px] 2xl:h-[400px] md:h-44 md:h-80 lg:h-60 my-2 lg:my-0 bg-cover bg-center flex flex-col justify-end items-start p-10 md:p-4 lg:p-5 hover:shadow-[inset_0_0_100px_100px_rgba(0,0,0,0.6)] transition-all\" style=\"background-image: url('https:\/\/agrupacionespsoe.es\/castello\/wp-content\/uploads\/sites\/45\/2024\/06\/10-Itziar-lafita-Balaguer.jpg'); flex: 1 0 20%;\">\n                                            <h2 class=\"text-white !font-normal text-xl my-0 mb-2\">Secretaria de Nueva Militancia y Simpatizantes<\/h2>\n                    \n                                            <a class=\"bg-primary !text-white hover:bg-white hover:!text-primary uppercase  px-4 lg:px-10 py-2 my-0 text-white font-bold text-sm\" href=\"https:\/\/agrupacionespsoe.es\/castello\/comision-ejecutiva-municipal\/\" >Itziar Lafita Balaguer<\/a>\n                                    <\/div>\n            \n                \n                <div class=\"h-[300px] 2xl:h-[400px] md:h-44 md:h-80 lg:h-60 my-2 lg:my-0 bg-cover bg-center flex flex-col justify-end items-start p-10 md:p-4 lg:p-5 hover:shadow-[inset_0_0_100px_100px_rgba(0,0,0,0.6)] transition-all\" style=\"background-image: url('https:\/\/agrupacionespsoe.es\/castello\/wp-content\/uploads\/sites\/45\/2024\/06\/26-Octavio-Traver-Peralta.jpg'); flex: 1 0 20%;\">\n                                            <h2 class=\"text-white !font-normal text-xl my-0 mb-2\">Secretario de Propuestas e Impacto Territorial<\/h2>\n                    \n                                            <a class=\"bg-primary !text-white hover:bg-white hover:!text-primary uppercase  px-4 lg:px-10 py-2 my-0 text-white font-bold text-sm\" href=\"https:\/\/agrupacionespsoe.es\/castello\/comision-ejecutiva-municipal\/\" >Octavi Traver Peralta<\/a>\n                                    <\/div>\n                    \n    <\/div>\n<\/section>\n\n\n<section class=\"py-4\">\n    <div class=\"md:flex md:flex-wrap md:gap-2\">\n\n                    \n                \n                <div class=\"h-[300px] 2xl:h-[400px] md:h-44 md:h-80 lg:h-60 my-2 lg:my-0 bg-cover bg-center flex flex-col justify-end items-start p-10 md:p-4 lg:p-5 hover:shadow-[inset_0_0_100px_100px_rgba(0,0,0,0.6)] transition-all\" style=\"background-image: url('https:\/\/agrupacionespsoe.es\/castello\/wp-content\/uploads\/sites\/45\/2023\/04\/7.-MARY-CARMEN-RIBERA-SORIANO-1-scaled.jpg'); flex: 1 0 20%;\">\n                                            <h2 class=\"text-white !font-normal text-xl my-0 mb-2\">Secretaria de Envejecimiento Activo<\/h2>\n                    \n                                            <a class=\"bg-primary !text-white hover:bg-white hover:!text-primary uppercase  px-4 lg:px-10 py-2 my-0 text-white font-bold text-sm\" href=\"https:\/\/agrupacionespsoe.es\/castello\/comision-ejecutiva-municipal\/\" >Mary Carmen Ribera Soriano<\/a>\n                                    <\/div>\n            \n                \n                <div class=\"h-[300px] 2xl:h-[400px] md:h-44 md:h-80 lg:h-60 my-2 lg:my-0 bg-cover bg-center flex flex-col justify-end items-start p-10 md:p-4 lg:p-5 hover:shadow-[inset_0_0_100px_100px_rgba(0,0,0,0.6)] transition-all\" style=\"background-image: url('https:\/\/agrupacionespsoe.es\/castello\/wp-content\/uploads\/sites\/45\/2023\/04\/11.-PILAR-ESCUDER-MOLLON-2-scaled.jpg'); flex: 1 0 20%;\">\n                                            <h2 class=\"text-white !font-normal text-xl my-0 mb-2\">Secretaria de Turisme i Universitat<\/h2>\n                    \n                                            <a class=\"bg-primary !text-white hover:bg-white hover:!text-primary uppercase  px-4 lg:px-10 py-2 my-0 text-white font-bold text-sm\" href=\"https:\/\/agrupacionespsoe.es\/castello\/comision-ejecutiva-municipal\/\" >Pilar Escuder Moll\u00f3n<\/a>\n                                    <\/div>\n            \n                \n                <div class=\"h-[300px] 2xl:h-[400px] md:h-44 md:h-80 lg:h-60 my-2 lg:my-0 bg-cover bg-center flex flex-col justify-end items-start p-10 md:p-4 lg:p-5 hover:shadow-[inset_0_0_100px_100px_rgba(0,0,0,0.6)] transition-all\" style=\"background-image: url('https:\/\/agrupacionespsoe.es\/castello\/wp-content\/uploads\/sites\/45\/2024\/06\/20-Vicente-Montolio-Beltran.jpg'); flex: 1 0 20%;\">\n                                            <h2 class=\"text-white !font-normal text-xl my-0 mb-2\">Secretario de Fiestas y Cultura<\/h2>\n                    \n                                            <a class=\"bg-primary !text-white hover:bg-white hover:!text-primary uppercase  px-4 lg:px-10 py-2 my-0 text-white font-bold text-sm\" href=\"https:\/\/agrupacionespsoe.es\/castello\/comision-ejecutiva-municipal\/\" >Vicente Montolio Beltr\u00e1n<\/a>\n                                    <\/div>\n                    \n    <\/div>\n<\/section>\n\n\n<section class=\"py-4\">\n    <div class=\"md:flex md:flex-wrap md:gap-2\">\n\n                    \n                \n                <div class=\"h-[300px] 2xl:h-[400px] md:h-44 md:h-80 lg:h-60 my-2 lg:my-0 bg-cover bg-center flex flex-col justify-end items-start p-10 md:p-4 lg:p-5 hover:shadow-[inset_0_0_100px_100px_rgba(0,0,0,0.6)] transition-all\" style=\"background-image: url('https:\/\/agrupacionespsoe.es\/castello\/wp-content\/uploads\/sites\/45\/2024\/06\/25-Amparo-Panadero-Saez.jpg'); flex: 1 0 20%;\">\n                                            <h2 class=\"text-white !font-normal text-xl my-0 mb-2\">Secretaria de Argumentarios<\/h2>\n                    \n                                            <a class=\"bg-primary !text-white hover:bg-white hover:!text-primary uppercase  px-4 lg:px-10 py-2 my-0 text-white font-bold text-sm\" href=\"https:\/\/agrupacionespsoe.es\/castello\/comision-ejecutiva-municipal\/\" >Amparo Panadero S\u00e1ez<\/a>\n                                    <\/div>\n            \n                \n                <div class=\"h-[300px] 2xl:h-[400px] md:h-44 md:h-80 lg:h-60 my-2 lg:my-0 bg-cover bg-center flex flex-col justify-end items-start p-10 md:p-4 lg:p-5 hover:shadow-[inset_0_0_100px_100px_rgba(0,0,0,0.6)] transition-all\" style=\"background-image: url('https:\/\/agrupacionespsoe.es\/castello\/wp-content\/uploads\/sites\/45\/2024\/06\/18-Carlos-Ribes-Sonseca.jpg'); flex: 1 0 20%;\">\n                                            <h2 class=\"text-white !font-normal text-xl my-0 mb-2\">Secretaria de Memoria Democr\u00e1tica y LGTBI<\/h2>\n                    \n                                            <a class=\"bg-primary !text-white hover:bg-white hover:!text-primary uppercase  px-4 lg:px-10 py-2 my-0 text-white font-bold text-sm\" href=\"https:\/\/agrupacionespsoe.es\/castello\/comision-ejecutiva-municipal\/\" >Carlos Ribes Sonseca<\/a>\n                                    <\/div>\n            \n                \n                <div class=\"h-[300px] 2xl:h-[400px] md:h-44 md:h-80 lg:h-60 my-2 lg:my-0 bg-cover bg-center flex flex-col justify-end items-start p-10 md:p-4 lg:p-5 hover:shadow-[inset_0_0_100px_100px_rgba(0,0,0,0.6)] transition-all\" style=\"background-image: url('https:\/\/agrupacionespsoe.es\/castello\/wp-content\/uploads\/sites\/45\/2023\/04\/5.-ANUNCIACION-LAINEZ-CASTEL-2-scaled.jpg'); flex: 1 0 20%;\">\n                                            <h2 class=\"text-white !font-normal text-xl my-0 mb-2\">Secretaria de Participaci\u00f3n Ciudadana<\/h2>\n                    \n                                            <a class=\"bg-primary !text-white hover:bg-white hover:!text-primary uppercase  px-4 lg:px-10 py-2 my-0 text-white font-bold text-sm\" href=\"https:\/\/agrupacionespsoe.es\/castello\/comision-ejecutiva-municipal\/\" >Anun Lainez Castel<\/a>\n                                    <\/div>\n                    \n    <\/div>\n<\/section>\n\n\n<section class=\"py-4\">\n    <div class=\"md:flex md:flex-wrap md:gap-2\">\n\n                    \n                \n                <div class=\"h-[300px] 2xl:h-[400px] md:h-44 md:h-80 lg:h-60 my-2 lg:my-0 bg-cover bg-center flex flex-col justify-end items-start p-10 md:p-4 lg:p-5 hover:shadow-[inset_0_0_100px_100px_rgba(0,0,0,0.6)] transition-all\" style=\"background-image: url('https:\/\/agrupacionespsoe.es\/castello\/wp-content\/uploads\/sites\/45\/2023\/04\/S2-.LOURDES-GIMENO-GUILLEN-1-1-scaled.jpg'); flex: 1 0 20%;\">\n                                            <h2 class=\"text-white !font-normal text-xl my-0 mb-2\">Secretaria de Comercio y Ferias<\/h2>\n                    \n                                            <a class=\"bg-primary !text-white hover:bg-white hover:!text-primary uppercase  px-4 lg:px-10 py-2 my-0 text-white font-bold text-sm\" href=\"https:\/\/agrupacionespsoe.es\/castello\/comision-ejecutiva-municipal\/\" >Lourdes Gimeno Guill\u00e9n<\/a>\n                                    <\/div>\n            \n                \n                <div class=\"h-[300px] 2xl:h-[400px] md:h-44 md:h-80 lg:h-60 my-2 lg:my-0 bg-cover bg-center flex flex-col justify-end items-start p-10 md:p-4 lg:p-5 hover:shadow-[inset_0_0_100px_100px_rgba(0,0,0,0.6)] transition-all\" style=\"background-image: url('https:\/\/agrupacionespsoe.es\/castello\/wp-content\/uploads\/sites\/45\/2023\/04\/10.-JOSE-SEGURA-PALLARES-1-1-scaled.jpg'); flex: 1 0 20%;\">\n                                            <h2 class=\"text-white !font-normal text-xl my-0 mb-2\">Secretario de Deportes<\/h2>\n                    \n                                            <a class=\"bg-primary !text-white hover:bg-white hover:!text-primary uppercase  px-4 lg:px-10 py-2 my-0 text-white font-bold text-sm\" href=\"https:\/\/agrupacionespsoe.es\/castello\/comision-ejecutiva-municipal\/\" >Jos\u00e9 Segura Pallar\u00e9s<\/a>\n                                    <\/div>\n            \n                \n                <div class=\"h-[300px] 2xl:h-[400px] md:h-44 md:h-80 lg:h-60 my-2 lg:my-0 bg-cover bg-center flex flex-col justify-end items-start p-10 md:p-4 lg:p-5 hover:shadow-[inset_0_0_100px_100px_rgba(0,0,0,0.6)] transition-all\" style=\"background-image: url('https:\/\/agrupacionespsoe.es\/castello\/wp-content\/uploads\/sites\/45\/2024\/06\/33-Eva-Lidon-Barreda-Martin.jpg'); flex: 1 0 20%;\">\n                                            <h2 class=\"text-white !font-normal text-xl my-0 mb-2\">Secretaria de Administraci\u00f3n <\/h2>\n                    \n                                            <a class=\"bg-primary !text-white hover:bg-white hover:!text-primary uppercase  px-4 lg:px-10 py-2 my-0 text-white font-bold text-sm\" href=\"https:\/\/agrupacionespsoe.es\/castello\/comision-ejecutiva-municipal\/\" >eva lid\u00f3n barreda mart\u00edn<\/a>\n                                    <\/div>\n                    \n    <\/div>\n<\/section>\n\n\n<section class=\"py-4\">\n    <div class=\"md:flex md:flex-wrap md:gap-2\">\n\n                    \n                \n                <div class=\"h-[300px] 2xl:h-[400px] md:h-44 md:h-80 lg:h-60 my-2 lg:my-0 bg-cover bg-center flex flex-col justify-end items-start p-10 md:p-4 lg:p-5 hover:shadow-[inset_0_0_100px_100px_rgba(0,0,0,0.6)] transition-all\" style=\"background-image: url('https:\/\/agrupacionespsoe.es\/castello\/wp-content\/uploads\/sites\/45\/2026\/02\/Cardmen-Elena-Roman-Escaled-2.jpg'); flex: 1 0 20%;\">\n                                            <h2 class=\"text-white !font-normal text-xl my-0 mb-2\">Secretaria de Migraciones<\/h2>\n                    \n                                            <a class=\"bg-primary !text-white hover:bg-white hover:!text-primary uppercase  px-4 lg:px-10 py-2 my-0 text-white font-bold text-sm\" href=\"https:\/\/agrupacionespsoe.es\/castello\/comision-ejecutiva-municipal\/\" >Carmen Elena Rom\u00e1n<\/a>\n                                    <\/div>\n            \n                \n                <div class=\"h-[300px] 2xl:h-[400px] md:h-44 md:h-80 lg:h-60 my-2 lg:my-0 bg-cover bg-center flex flex-col justify-end items-start p-10 md:p-4 lg:p-5 hover:shadow-[inset_0_0_100px_100px_rgba(0,0,0,0.6)] transition-all\" style=\"background-image: url('https:\/\/agrupacionespsoe.es\/castello\/wp-content\/uploads\/sites\/45\/2023\/04\/14.-JAIME-GARCIA-VIVAS-2-1-scaled.jpg'); flex: 1 0 20%;\">\n                                            <h2 class=\"text-white !font-normal text-xl my-0 mb-2\">Secretario General Juventudes Socialistas<\/h2>\n                    \n                                            <a class=\"bg-primary !text-white hover:bg-white hover:!text-primary uppercase  px-4 lg:px-10 py-2 my-0 text-white font-bold text-sm\" href=\"https:\/\/agrupacionespsoe.es\/castello\/comision-ejecutiva-municipal\/\" >Jaime Garc\u00eda Vivas<\/a>\n                                    <\/div>\n            \n                \n                <div class=\"h-[300px] 2xl:h-[400px] md:h-44 md:h-80 lg:h-60 my-2 lg:my-0 bg-cover bg-center flex flex-col justify-end items-start p-10 md:p-4 lg:p-5 hover:shadow-[inset_0_0_100px_100px_rgba(0,0,0,0.6)] transition-all\" style=\"background-image: url('https:\/\/agrupacionespsoe.es\/castello\/wp-content\/uploads\/sites\/45\/2023\/04\/3.-PATRICIA-PUERTA-BARBERA-1-1-scaled.jpg'); flex: 1 0 20%;\">\n                                            <h2 class=\"text-white !font-normal text-xl my-0 mb-2\">Portavoz Grupo Municipal Socialista<\/h2>\n                    \n                                            <a class=\"bg-primary !text-white hover:bg-white hover:!text-primary uppercase  px-4 lg:px-10 py-2 my-0 text-white font-bold text-sm\" href=\"https:\/\/agrupacionespsoe.es\/castello\/comision-ejecutiva-municipal\/\" >Patricia Puerta Barber\u00e1<\/a>\n                                    <\/div>\n                    \n    <\/div>\n<\/section>\n\n\n<section class=\"py-4\">\n    <div class=\"md:flex md:flex-wrap md:gap-2\">\n\n                    \n                \n                <div class=\"h-[300px] 2xl:h-[400px] md:h-44 md:h-80 lg:h-60 my-2 lg:my-0 bg-cover bg-center flex flex-col justify-end items-start p-10 md:p-4 lg:p-5 hover:shadow-[inset_0_0_100px_100px_rgba(0,0,0,0.6)] transition-all\" style=\"background-image: url('https:\/\/agrupacionespsoe.es\/castello\/wp-content\/uploads\/sites\/45\/2023\/02\/Periodicos.png'); flex: 1 0 20%;\">\n                    \n                                            <a class=\"bg-primary !text-white hover:bg-white hover:!text-primary uppercase  px-4 lg:px-10 py-2 my-0 text-white font-bold text-sm\" href=\"https:\/\/agrupacionespsoe.es\/castello\/category\/agrupacio-municipal\/\" >Noticias Comisi\u00f3n ejecutiva municipal<\/a>\n                                    <\/div>\n            \n                \n                <div class=\"h-[300px] 2xl:h-[400px] md:h-44 md:h-80 lg:h-60 my-2 lg:my-0 bg-cover bg-center flex flex-col justify-end items-start p-10 md:p-4 lg:p-5 hover:shadow-[inset_0_0_100px_100px_rgba(0,0,0,0.6)] transition-all\" style=\"background-image: url('https:\/\/agrupacionespsoe.es\/castello\/wp-content\/uploads\/sites\/45\/2024\/12\/Votacion-mano-alzada2.jpg'); flex: 1 0 20%;\">\n                    \n                                            <a class=\"bg-primary !text-white hover:bg-white hover:!text-primary uppercase  px-4 lg:px-10 py-2 my-0 text-white font-bold text-sm\" href=\"https:\/\/agrupacionespsoe.es\/castello\/resoluciones-cem-castello\/\" >RESOLUCIONES APROBADAS POR LA CEM<\/a>\n                                    <\/div>\n                    \n    <\/div>\n<\/section>\n\n\n\n<section class=\"wp-block-psoe-separador bg-primary px-2\"><hr class=\"color-white bg-white opacity-1 h-[1px] w-full\" \/><\/section>\n\n\n<section class=\"py-12 bg-white\">\n    <div class=\"max-w-screen-lg mx-auto\">\n\n        <div class=\"md:grid md:grid-cols-2 md:gap-2 items-center\">\n            <div class=\"p-2\">\n                <img decoding=\"async\" class=\"hidden md:inline-block\" src=\"https:\/\/agrupacionespsoe.es\/castello\/wp-content\/themes\/psoe-agrupaciones-theme\/public\/gobernando-white.518491.png\" alt=\"Gobernando con hechos\">\n                <img decoding=\"async\" class=\"block md:hidden mx-auto mb-5\" src=\"https:\/\/agrupacionespsoe.es\/castello\/wp-content\/themes\/psoe-agrupaciones-theme\/public\/gobernando-white-mobile.caeb39.png\" alt=\"Gobernando con hechos\">\n            <\/div>\n\n            <div class=\"p-2 text-center\">\n                <a class=\"hover:opacity-75 md:inline px-8 lg:px-14 py-2 lg:py-4 font-bold text-center lg:text-xl uppercase bg-primary !text-white\" href=\"https:\/\/afiliate.psoe.es\/Affiliation\/AffiliationHome\" >\n                    Af\u00edliate\n                <\/a>\n            <\/div>\n        <\/div>\n\n    <\/div>\n<\/section>\n","protected":false},"excerpt":{"rendered":"<p>Comisi\u00f3n Ejecutiva Municipal<\/p>\n","protected":false},"author":48,"featured_media":0,"parent":0,"menu_order":0,"comment_status":"closed","ping_status":"closed","template":"","meta":{"footnotes":""},"class_list":["post-3","page","type-page","status-publish","hentry"],"yoast_head":"<!-- This site is optimized with the Yoast SEO plugin v24.0 - https:\/\/yoast.com\/wordpress\/plugins\/seo\/ -->\n<title>Comisi\u00f3n Ejecutiva Municipal - PSPV-PSOE CASTELL\u00d3<\/title>\n<meta name=\"description\" content=\"Espacio para mostrar el equipo de la Agrupaci\u00f3n.\" \/>\n<meta name=\"robots\" content=\"index, follow, max-snippet:-1, max-image-preview:large, max-video-preview:-1\" \/>\n<link rel=\"canonical\" href=\"https:\/\/agrupacionespsoe.es\/castello\/comision-ejecutiva-municipal\/\" \/>\n<meta property=\"og:locale\" content=\"es_ES\" \/>\n<meta property=\"og:type\" content=\"article\" \/>\n<meta property=\"og:title\" content=\"Comisi\u00f3n Ejecutiva Municipal - PSPV-PSOE CASTELL\u00d3\" \/>\n<meta property=\"og:description\" content=\"Espacio para mostrar el equipo de la Agrupaci\u00f3n.\" \/>\n<meta property=\"og:url\" content=\"https:\/\/agrupacionespsoe.es\/castello\/comision-ejecutiva-municipal\/\" \/>\n<meta property=\"og:site_name\" content=\"PSPV-PSOE CASTELL\u00d3\" \/>\n<meta property=\"article:publisher\" content=\"https:\/\/www.facebook.com\/pspv.castellodelaplana\" \/>\n<meta property=\"article:modified_time\" content=\"2026-02-16T19:17:56+00:00\" \/>\n<meta name=\"twitter:card\" content=\"summary_large_image\" \/>\n<meta name=\"twitter:site\" content=\"@pspv_cs\" \/>\n<meta name=\"twitter:label1\" content=\"Tiempo de lectura\" \/>\n\t<meta name=\"twitter:data1\" content=\"1 minuto\" \/>\n<script type=\"application\/ld+json\" class=\"yoast-schema-graph\">{\"@context\":\"https:\/\/schema.org\",\"@graph\":[{\"@type\":\"WebPage\",\"@id\":\"https:\/\/agrupacionespsoe.es\/castello\/comision-ejecutiva-municipal\/\",\"url\":\"https:\/\/agrupacionespsoe.es\/castello\/comision-ejecutiva-municipal\/\",\"name\":\"Comisi\u00f3n Ejecutiva Municipal - PSPV-PSOE CASTELL\u00d3\",\"isPartOf\":{\"@id\":\"https:\/\/agrupacionespsoe.es\/castello\/#website\"},\"datePublished\":\"2022-10-13T09:42:26+00:00\",\"dateModified\":\"2026-02-16T19:17:56+00:00\",\"description\":\"Espacio para mostrar el equipo de la Agrupaci\u00f3n.\",\"breadcrumb\":{\"@id\":\"https:\/\/agrupacionespsoe.es\/castello\/comision-ejecutiva-municipal\/#breadcrumb\"},\"inLanguage\":\"es\",\"potentialAction\":[{\"@type\":\"ReadAction\",\"target\":[\"https:\/\/agrupacionespsoe.es\/castello\/comision-ejecutiva-municipal\/\"]}]},{\"@type\":\"BreadcrumbList\",\"@id\":\"https:\/\/agrupacionespsoe.es\/castello\/comision-ejecutiva-municipal\/#breadcrumb\",\"itemListElement\":[{\"@type\":\"ListItem\",\"position\":1,\"name\":\"Portada\",\"item\":\"https:\/\/agrupacionespsoe.es\/castello\/\"},{\"@type\":\"ListItem\",\"position\":2,\"name\":\"Comisi\u00f3n Ejecutiva Municipal\"}]},{\"@type\":\"WebSite\",\"@id\":\"https:\/\/agrupacionespsoe.es\/castello\/#website\",\"url\":\"https:\/\/agrupacionespsoe.es\/castello\/\",\"name\":\"PSPV-PSOE CASTELL\u00d3\",\"description\":\"PSPV-PSOE | Agrupaci\u00f3 de Castell\u00f3\",\"publisher\":{\"@id\":\"https:\/\/agrupacionespsoe.es\/castello\/#organization\"},\"potentialAction\":[{\"@type\":\"SearchAction\",\"target\":{\"@type\":\"EntryPoint\",\"urlTemplate\":\"https:\/\/agrupacionespsoe.es\/castello\/?s={search_term_string}\"},\"query-input\":{\"@type\":\"PropertyValueSpecification\",\"valueRequired\":true,\"valueName\":\"search_term_string\"}}],\"inLanguage\":\"es\"},{\"@type\":\"Organization\",\"@id\":\"https:\/\/agrupacionespsoe.es\/castello\/#organization\",\"name\":\"PSPV-PSOE Castell\u00f3\",\"url\":\"https:\/\/agrupacionespsoe.es\/castello\/\",\"logo\":{\"@type\":\"ImageObject\",\"inLanguage\":\"es\",\"@id\":\"https:\/\/agrupacionespsoe.es\/castello\/#\/schema\/logo\/image\/\",\"url\":\"https:\/\/agrupacionespsoe.es\/castello\/wp-content\/uploads\/sites\/45\/2023\/04\/PORTADA-PSOE-CASTELLO.jpg\",\"contentUrl\":\"https:\/\/agrupacionespsoe.es\/castello\/wp-content\/uploads\/sites\/45\/2023\/04\/PORTADA-PSOE-CASTELLO.jpg\",\"width\":2500,\"height\":2500,\"caption\":\"PSPV-PSOE Castell\u00f3\"},\"image\":{\"@id\":\"https:\/\/agrupacionespsoe.es\/castello\/#\/schema\/logo\/image\/\"},\"sameAs\":[\"https:\/\/www.facebook.com\/pspv.castellodelaplana\",\"https:\/\/x.com\/pspv_cs\",\"https:\/\/www.instagram.com\/pspvpsoecastello\/\"]}]}<\/script>\n<!-- \/ Yoast SEO plugin. -->","yoast_head_json":{"title":"Comisi\u00f3n Ejecutiva Municipal - PSPV-PSOE CASTELL\u00d3","description":"Espacio para mostrar el equipo de la Agrupaci\u00f3n.","robots":{"index":"index","follow":"follow","max-snippet":"max-snippet:-1","max-image-preview":"max-image-preview:large","max-video-preview":"max-video-preview:-1"},"canonical":"https:\/\/agrupacionespsoe.es\/castello\/comision-ejecutiva-municipal\/","og_locale":"es_ES","og_type":"article","og_title":"Comisi\u00f3n Ejecutiva Municipal - PSPV-PSOE CASTELL\u00d3","og_description":"Espacio para mostrar el equipo de la Agrupaci\u00f3n.","og_url":"https:\/\/agrupacionespsoe.es\/castello\/comision-ejecutiva-municipal\/","og_site_name":"PSPV-PSOE CASTELL\u00d3","article_publisher":"https:\/\/www.facebook.com\/pspv.castellodelaplana","article_modified_time":"2026-02-16T19:17:56+00:00","twitter_card":"summary_large_image","twitter_site":"@pspv_cs","twitter_misc":{"Tiempo de lectura":"1 minuto"},"schema":{"@context":"https:\/\/schema.org","@graph":[{"@type":"WebPage","@id":"https:\/\/agrupacionespsoe.es\/castello\/comision-ejecutiva-municipal\/","url":"https:\/\/agrupacionespsoe.es\/castello\/comision-ejecutiva-municipal\/","name":"Comisi\u00f3n Ejecutiva Municipal - PSPV-PSOE CASTELL\u00d3","isPartOf":{"@id":"https:\/\/agrupacionespsoe.es\/castello\/#website"},"datePublished":"2022-10-13T09:42:26+00:00","dateModified":"2026-02-16T19:17:56+00:00","description":"Espacio para mostrar el equipo de la Agrupaci\u00f3n.","breadcrumb":{"@id":"https:\/\/agrupacionespsoe.es\/castello\/comision-ejecutiva-municipal\/#breadcrumb"},"inLanguage":"es","potentialAction":[{"@type":"ReadAction","target":["https:\/\/agrupacionespsoe.es\/castello\/comision-ejecutiva-municipal\/"]}]},{"@type":"BreadcrumbList","@id":"https:\/\/agrupacionespsoe.es\/castello\/comision-ejecutiva-municipal\/#breadcrumb","itemListElement":[{"@type":"ListItem","position":1,"name":"Portada","item":"https:\/\/agrupacionespsoe.es\/castello\/"},{"@type":"ListItem","position":2,"name":"Comisi\u00f3n Ejecutiva Municipal"}]},{"@type":"WebSite","@id":"https:\/\/agrupacionespsoe.es\/castello\/#website","url":"https:\/\/agrupacionespsoe.es\/castello\/","name":"PSPV-PSOE CASTELL\u00d3","description":"PSPV-PSOE | Agrupaci\u00f3 de Castell\u00f3","publisher":{"@id":"https:\/\/agrupacionespsoe.es\/castello\/#organization"},"potentialAction":[{"@type":"SearchAction","target":{"@type":"EntryPoint","urlTemplate":"https:\/\/agrupacionespsoe.es\/castello\/?s={search_term_string}"},"query-input":{"@type":"PropertyValueSpecification","valueRequired":true,"valueName":"search_term_string"}}],"inLanguage":"es"},{"@type":"Organization","@id":"https:\/\/agrupacionespsoe.es\/castello\/#organization","name":"PSPV-PSOE Castell\u00f3","url":"https:\/\/agrupacionespsoe.es\/castello\/","logo":{"@type":"ImageObject","inLanguage":"es","@id":"https:\/\/agrupacionespsoe.es\/castello\/#\/schema\/logo\/image\/","url":"https:\/\/agrupacionespsoe.es\/castello\/wp-content\/uploads\/sites\/45\/2023\/04\/PORTADA-PSOE-CASTELLO.jpg","contentUrl":"https:\/\/agrupacionespsoe.es\/castello\/wp-content\/uploads\/sites\/45\/2023\/04\/PORTADA-PSOE-CASTELLO.jpg","width":2500,"height":2500,"caption":"PSPV-PSOE Castell\u00f3"},"image":{"@id":"https:\/\/agrupacionespsoe.es\/castello\/#\/schema\/logo\/image\/"},"sameAs":["https:\/\/www.facebook.com\/pspv.castellodelaplana","https:\/\/x.com\/pspv_cs","https:\/\/www.instagram.com\/pspvpsoecastello\/"]}]}},"jetpack_sharing_enabled":true,"_links":{"self":[{"href":"https:\/\/agrupacionespsoe.es\/castello\/wp-json\/wp\/v2\/pages\/3","targetHints":{"allow":["GET"]}}],"collection":[{"href":"https:\/\/agrupacionespsoe.es\/castello\/wp-json\/wp\/v2\/pages"}],"about":[{"href":"https:\/\/agrupacionespsoe.es\/castello\/wp-json\/wp\/v2\/types\/page"}],"author":[{"embeddable":true,"href":"https:\/\/agrupacionespsoe.es\/castello\/wp-json\/wp\/v2\/users\/48"}],"replies":[{"embeddable":true,"href":"https:\/\/agrupacionespsoe.es\/castello\/wp-json\/wp\/v2\/comments?post=3"}],"version-history":[{"count":62,"href":"https:\/\/agrupacionespsoe.es\/castello\/wp-json\/wp\/v2\/pages\/3\/revisions"}],"predecessor-version":[{"id":10438,"href":"https:\/\/agrupacionespsoe.es\/castello\/wp-json\/wp\/v2\/pages\/3\/revisions\/10438"}],"wp:attachment":[{"href":"https:\/\/agrupacionespsoe.es\/castello\/wp-json\/wp\/v2\/media?parent=3"}],"curies":[{"name":"wp","href":"https:\/\/api.w.org\/{rel}","templated":true}]}}