{"id":1806,"date":"2023-06-07T10:14:47","date_gmt":"2023-06-07T10:14:47","guid":{"rendered":"https:\/\/agrupacionespsoe.es\/castello\/?page_id=1806"},"modified":"2024-02-14T10:13:10","modified_gmt":"2024-02-14T09:13:10","slug":"grupo-municipal-socialista","status":"publish","type":"page","link":"https:\/\/agrupacionespsoe.es\/castello\/grupo-municipal-socialista\/","title":{"rendered":"Grupo Municipal Socialista"},"content":{"rendered":"\n<div style=\"height:40px\" aria-hidden=\"true\" class=\"wp-block-spacer\"><\/div>\n\n\n\n<p class=\"has-text-align-center has-large-font-size\"><strong>Conoce al Grupo Municipal Socialista<\/strong><\/p>\n\n\n\n<hr class=\"wp-block-separator has-alpha-channel-opacity\" \/>\n\n\n<section class=\"py-4\">\n    <div class=\"md:flex md:flex-wrap md:gap-2\">\n\n                    \n                \n                <div class=\"h-[300px] 2xl:h-[400px] md:h-44 md:h-80 lg:h-60 my-2 lg:my-0 bg-cover bg-center flex flex-col justify-end items-start p-10 md:p-4 lg:p-5 hover:shadow-[inset_0_0_100px_100px_rgba(0,0,0,0.6)] transition-all\" style=\"background-image: url('https:\/\/agrupacionespsoe.es\/castello\/wp-content\/uploads\/sites\/45\/2023\/04\/3.-PATRICIA-PUERTA-BARBERA-1-1-scaled.jpg'); flex: 1 0 20%;\">\n                    \n                                            <a class=\"bg-primary !text-white hover:bg-white hover:!text-primary uppercase  px-4 lg:px-10 py-2 my-0 text-white font-bold text-sm\" href=\"https:\/\/agrupacionespsoe.es\/castello\/grupo-municipal-socialista\/patricia-puerta-barbera\/\" >Patricia Puerta Barber\u00e1<\/a>\n                                    <\/div>\n            \n                \n                <div class=\"h-[300px] 2xl:h-[400px] md:h-44 md:h-80 lg:h-60 my-2 lg:my-0 bg-cover bg-center flex flex-col justify-end items-start p-10 md:p-4 lg:p-5 hover:shadow-[inset_0_0_100px_100px_rgba(0,0,0,0.6)] transition-all\" style=\"background-image: url('https:\/\/agrupacionespsoe.es\/castello\/wp-content\/uploads\/sites\/45\/2023\/04\/2.-JOSE-LUIS-LOPEZ-IBANEZ-2-1-scaled.jpg'); flex: 1 0 20%;\">\n                    \n                                            <a class=\"bg-primary !text-white hover:bg-white hover:!text-primary uppercase  px-4 lg:px-10 py-2 my-0 text-white font-bold text-sm\" href=\"https:\/\/agrupacionespsoe.es\/castello\/grupo-municipal-socialista\/jose-luis-lopez-ibanez\/\" >Jos\u00e9 Luis L\u00f3pez Ib\u00e1\u00f1ez<\/a>\n                                    <\/div>\n            \n                \n                <div class=\"h-[300px] 2xl:h-[400px] md:h-44 md:h-80 lg:h-60 my-2 lg:my-0 bg-cover bg-center flex flex-col justify-end items-start p-10 md:p-4 lg:p-5 hover:shadow-[inset_0_0_100px_100px_rgba(0,0,0,0.6)] transition-all\" style=\"background-image: url('https:\/\/agrupacionespsoe.es\/castello\/wp-content\/uploads\/sites\/45\/2023\/04\/5.-ANUNCIACION-LAINEZ-CASTEL-1-1-scaled.jpg'); flex: 1 0 20%;\">\n                    \n                                            <a class=\"bg-primary !text-white hover:bg-white hover:!text-primary uppercase  px-4 lg:px-10 py-2 my-0 text-white font-bold text-sm\" href=\"https:\/\/agrupacionespsoe.es\/castello\/grupo-municipal-socialista\/anunciacion-lainez-castel\/\" >Anunciaci\u00f3n Lainez Castel<\/a>\n                                    <\/div>\n                    \n    <\/div>\n<\/section>\n\n\n<section class=\"py-4\">\n    <div class=\"md:flex md:flex-wrap md:gap-2\">\n\n                    \n                \n                <div class=\"h-[300px] 2xl:h-[400px] md:h-44 md:h-80 lg:h-60 my-2 lg:my-0 bg-cover bg-center flex flex-col justify-end items-start p-10 md:p-4 lg:p-5 hover:shadow-[inset_0_0_100px_100px_rgba(0,0,0,0.6)] transition-all\" style=\"background-image: url('https:\/\/agrupacionespsoe.es\/castello\/wp-content\/uploads\/sites\/45\/2023\/04\/6.-JORGE-RIBES-VICENTE-2-1-scaled.jpg'); flex: 1 0 20%;\">\n                    \n                                            <a class=\"bg-primary !text-white hover:bg-white hover:!text-primary uppercase  px-4 lg:px-10 py-2 my-0 text-white font-bold text-sm\" href=\"https:\/\/agrupacionespsoe.es\/castello\/grupo-municipal-socialista\/jorge-ribes-vicente\/\" >Jorge Ribes Vicente<\/a>\n                                    <\/div>\n            \n                \n                <div class=\"h-[300px] 2xl:h-[400px] md:h-44 md:h-80 lg:h-60 my-2 lg:my-0 bg-cover bg-center flex flex-col justify-end items-start p-10 md:p-4 lg:p-5 hover:shadow-[inset_0_0_100px_100px_rgba(0,0,0,0.6)] transition-all\" style=\"background-image: url('https:\/\/agrupacionespsoe.es\/castello\/wp-content\/uploads\/sites\/45\/2023\/04\/7.-MARY-CARMEN-RIBERA-SORIANO-2-1-scaled.jpg'); flex: 1 0 20%;\">\n                    \n                                            <a class=\"bg-primary !text-white hover:bg-white hover:!text-primary uppercase  px-4 lg:px-10 py-2 my-0 text-white font-bold text-sm\" href=\"https:\/\/agrupacionespsoe.es\/castello\/grupo-municipal-socialista\/mary-carmen-ribera-soriano\/\" >Mary Carmen Ribera Soriano<\/a>\n                                    <\/div>\n            \n                \n                <div class=\"h-[300px] 2xl:h-[400px] md:h-44 md:h-80 lg:h-60 my-2 lg:my-0 bg-cover bg-center flex flex-col justify-end items-start p-10 md:p-4 lg:p-5 hover:shadow-[inset_0_0_100px_100px_rgba(0,0,0,0.6)] transition-all\" style=\"background-image: url('https:\/\/agrupacionespsoe.es\/castello\/wp-content\/uploads\/sites\/45\/2023\/04\/8.-JOAQUIN-GINER-PASCUAL-2-1-scaled.jpg'); flex: 1 0 20%;\">\n                    \n                                            <a class=\"bg-primary !text-white hover:bg-white hover:!text-primary uppercase  px-4 lg:px-10 py-2 my-0 text-white font-bold text-sm\" href=\"https:\/\/agrupacionespsoe.es\/castello\/grupo-municipal-socialista\/joaquin-giner-pascual\/\" >Joaqu\u00edn Giner Pascual<\/a>\n                                    <\/div>\n                    \n    <\/div>\n<\/section>\n\n\n<section class=\"py-4\">\n    <div class=\"md:flex md:flex-wrap md:gap-2\">\n\n                    \n                \n                <div class=\"h-[300px] 2xl:h-[400px] md:h-44 md:h-80 lg:h-60 my-2 lg:my-0 bg-cover bg-center flex flex-col justify-end items-start p-10 md:p-4 lg:p-5 hover:shadow-[inset_0_0_100px_100px_rgba(0,0,0,0.6)] transition-all\" style=\"background-image: url('https:\/\/agrupacionespsoe.es\/castello\/wp-content\/uploads\/sites\/45\/2023\/04\/9.-MONICA-BARABAS-2-1-scaled.jpg'); flex: 1 0 20%;\">\n                    \n                                            <a class=\"bg-primary !text-white hover:bg-white hover:!text-primary uppercase  px-4 lg:px-10 py-2 my-0 text-white font-bold text-sm\" href=\"https:\/\/agrupacionespsoe.es\/castello\/grupo-municipal-socialista\/marinela-monica-barabas\/\" >Marinela M\u00f3nica Barab\u00e1s<\/a>\n                                    <\/div>\n            \n                \n                <div class=\"h-[300px] 2xl:h-[400px] md:h-44 md:h-80 lg:h-60 my-2 lg:my-0 bg-cover bg-center flex flex-col justify-end items-start p-10 md:p-4 lg:p-5 hover:shadow-[inset_0_0_100px_100px_rgba(0,0,0,0.6)] transition-all\" style=\"background-image: url('https:\/\/agrupacionespsoe.es\/castello\/wp-content\/uploads\/sites\/45\/2023\/04\/10.-JOSE-SEGURA-PALLARES-1-1-scaled.jpg'); flex: 1 0 20%;\">\n                    \n                                            <a class=\"bg-primary !text-white hover:bg-white hover:!text-primary uppercase  px-4 lg:px-10 py-2 my-0 text-white font-bold text-sm\" href=\"https:\/\/agrupacionespsoe.es\/castello\/grupo-municipal-socialista\/jose-segura-pallares\/\" >Jos\u00e9 Segura Pallar\u00e9s<\/a>\n                                    <\/div>\n            \n                \n                <div class=\"h-[300px] 2xl:h-[400px] md:h-44 md:h-80 lg:h-60 my-2 lg:my-0 bg-cover bg-center flex flex-col justify-end items-start p-10 md:p-4 lg:p-5 hover:shadow-[inset_0_0_100px_100px_rgba(0,0,0,0.6)] transition-all\" style=\"background-image: url('https:\/\/agrupacionespsoe.es\/castello\/wp-content\/uploads\/sites\/45\/2023\/04\/11.-PILAR-ESCUDER-MOLLON-2-scaled.jpg'); flex: 1 0 20%;\">\n                    \n                                            <a class=\"bg-primary !text-white hover:bg-white hover:!text-primary uppercase  px-4 lg:px-10 py-2 my-0 text-white font-bold text-sm\" href=\"https:\/\/agrupacionespsoe.es\/castello\/grupo-municipal-socialista\/pilar-escuder-mollon\/\" >Pilar Escuder Moll\u00f3n<\/a>\n                                    <\/div>\n                    \n    <\/div>\n<\/section>\n\n\n<section class=\"py-4\">\n    <div class=\"md:flex md:flex-wrap md:gap-2\">\n\n                    \n                \n                <div class=\"h-[300px] 2xl:h-[400px] md:h-44 md:h-80 lg:h-60 my-2 lg:my-0 bg-cover bg-center flex flex-col justify-end items-start p-10 md:p-4 lg:p-5 hover:shadow-[inset_0_0_100px_100px_rgba(0,0,0,0.6)] transition-all\" style=\"background-image: url('https:\/\/agrupacionespsoe.es\/castello\/wp-content\/uploads\/sites\/45\/2023\/06\/Logo-GMS-Castello-Blanc.png'); flex: 1 0 20%;\">\n                    \n                                            <a class=\"bg-primary !text-white hover:bg-white hover:!text-primary uppercase  px-4 lg:px-10 py-2 my-0 text-white font-bold text-sm\" href=\" https:\/\/agrupacionespsoe.es\/castello\/grupo-municipal-socialista\/contacta-con-el-grupo-municipal-socialista\/\" >Contacta con el Grupo Municipal Socialista<\/a>\n                                    <\/div>\n            \n                \n                <div class=\"h-[300px] 2xl:h-[400px] md:h-44 md:h-80 lg:h-60 my-2 lg:my-0 bg-cover bg-center flex flex-col justify-end items-start p-10 md:p-4 lg:p-5 hover:shadow-[inset_0_0_100px_100px_rgba(0,0,0,0.6)] transition-all\" style=\"background-image: url('https:\/\/agrupacionespsoe.es\/castello\/wp-content\/uploads\/sites\/45\/2023\/02\/Periodicos.png'); flex: 1 0 20%;\">\n                    \n                                            <a class=\"bg-primary !text-white hover:bg-white hover:!text-primary uppercase  px-4 lg:px-10 py-2 my-0 text-white font-bold text-sm\" href=\"https:\/\/agrupacionespsoe.es\/castello\/category\/gms\/\" >noticias relacionadas con el grupo municipal socialista<\/a>\n                                    <\/div>\n                    \n    <\/div>\n<\/section>\n\n\n<section class=\"py-4\">\n    <div class=\"md:flex md:flex-wrap md:gap-2\">\n\n                    \n                \n                <div class=\"h-[300px] 2xl:h-[400px] md:h-44 md:h-80 lg:h-60 my-2 lg:my-0 bg-cover bg-center flex flex-col justify-end items-start p-10 md:p-4 lg:p-5 hover:shadow-[inset_0_0_100px_100px_rgba(0,0,0,0.6)] transition-all\" style=\"background-image: url('https:\/\/agrupacionespsoe.es\/castello\/wp-content\/uploads\/sites\/45\/2023\/04\/Z3.-FOTOS-GRUPO-CANDIDATURA-3-scaled-e1681815872654.jpg'); flex: 1 0 20%;\">\n                    \n                                            <a class=\"bg-primary !text-white hover:bg-white hover:!text-primary uppercase  px-4 lg:px-10 py-2 my-0 text-white font-bold text-sm\" href=\"https:\/\/agrupacionespsoe.es\/castello\/candidatura-completa\" >Candidatura completa 2023-2027<\/a>\n                                    <\/div>\n                    \n    <\/div>\n<\/section>\n","protected":false},"excerpt":{"rendered":"<p>Conoce al Grupo Municipal Socialista<\/p>\n","protected":false},"author":48,"featured_media":0,"parent":0,"menu_order":0,"comment_status":"closed","ping_status":"closed","template":"","meta":{"footnotes":""},"class_list":["post-1806","page","type-page","status-publish","hentry"],"yoast_head":"<!-- This site is optimized with the Yoast SEO plugin v24.0 - https:\/\/yoast.com\/wordpress\/plugins\/seo\/ -->\n<title>Grupo Municipal Socialista - PSPV-PSOE CASTELL\u00d3<\/title>\n<meta name=\"robots\" content=\"index, follow, max-snippet:-1, max-image-preview:large, max-video-preview:-1\" \/>\n<link rel=\"canonical\" href=\"https:\/\/agrupacionespsoe.es\/castello\/grupo-municipal-socialista\/\" \/>\n<meta property=\"og:locale\" content=\"es_ES\" \/>\n<meta property=\"og:type\" content=\"article\" \/>\n<meta property=\"og:title\" content=\"Grupo Municipal Socialista - PSPV-PSOE CASTELL\u00d3\" \/>\n<meta property=\"og:description\" content=\"Conoce al Grupo Municipal Socialista\" \/>\n<meta property=\"og:url\" content=\"https:\/\/agrupacionespsoe.es\/castello\/grupo-municipal-socialista\/\" \/>\n<meta property=\"og:site_name\" content=\"PSPV-PSOE CASTELL\u00d3\" \/>\n<meta property=\"article:publisher\" content=\"https:\/\/www.facebook.com\/pspv.castellodelaplana\" \/>\n<meta property=\"article:modified_time\" content=\"2024-02-14T09:13:10+00:00\" \/>\n<meta name=\"twitter:card\" content=\"summary_large_image\" \/>\n<meta name=\"twitter:site\" content=\"@pspv_cs\" \/>\n<meta name=\"twitter:label1\" content=\"Tiempo de lectura\" \/>\n\t<meta name=\"twitter:data1\" content=\"1 minuto\" \/>\n<script type=\"application\/ld+json\" class=\"yoast-schema-graph\">{\"@context\":\"https:\/\/schema.org\",\"@graph\":[{\"@type\":\"WebPage\",\"@id\":\"https:\/\/agrupacionespsoe.es\/castello\/grupo-municipal-socialista\/\",\"url\":\"https:\/\/agrupacionespsoe.es\/castello\/grupo-municipal-socialista\/\",\"name\":\"Grupo Municipal Socialista - PSPV-PSOE CASTELL\u00d3\",\"isPartOf\":{\"@id\":\"https:\/\/agrupacionespsoe.es\/castello\/#website\"},\"datePublished\":\"2023-06-07T10:14:47+00:00\",\"dateModified\":\"2024-02-14T09:13:10+00:00\",\"breadcrumb\":{\"@id\":\"https:\/\/agrupacionespsoe.es\/castello\/grupo-municipal-socialista\/#breadcrumb\"},\"inLanguage\":\"es\",\"potentialAction\":[{\"@type\":\"ReadAction\",\"target\":[\"https:\/\/agrupacionespsoe.es\/castello\/grupo-municipal-socialista\/\"]}]},{\"@type\":\"BreadcrumbList\",\"@id\":\"https:\/\/agrupacionespsoe.es\/castello\/grupo-municipal-socialista\/#breadcrumb\",\"itemListElement\":[{\"@type\":\"ListItem\",\"position\":1,\"name\":\"Portada\",\"item\":\"https:\/\/agrupacionespsoe.es\/castello\/\"},{\"@type\":\"ListItem\",\"position\":2,\"name\":\"Grupo Municipal Socialista\"}]},{\"@type\":\"WebSite\",\"@id\":\"https:\/\/agrupacionespsoe.es\/castello\/#website\",\"url\":\"https:\/\/agrupacionespsoe.es\/castello\/\",\"name\":\"PSPV-PSOE CASTELL\u00d3\",\"description\":\"PSPV-PSOE | Agrupaci\u00f3 de Castell\u00f3\",\"publisher\":{\"@id\":\"https:\/\/agrupacionespsoe.es\/castello\/#organization\"},\"potentialAction\":[{\"@type\":\"SearchAction\",\"target\":{\"@type\":\"EntryPoint\",\"urlTemplate\":\"https:\/\/agrupacionespsoe.es\/castello\/?s={search_term_string}\"},\"query-input\":{\"@type\":\"PropertyValueSpecification\",\"valueRequired\":true,\"valueName\":\"search_term_string\"}}],\"inLanguage\":\"es\"},{\"@type\":\"Organization\",\"@id\":\"https:\/\/agrupacionespsoe.es\/castello\/#organization\",\"name\":\"PSPV-PSOE Castell\u00f3\",\"url\":\"https:\/\/agrupacionespsoe.es\/castello\/\",\"logo\":{\"@type\":\"ImageObject\",\"inLanguage\":\"es\",\"@id\":\"https:\/\/agrupacionespsoe.es\/castello\/#\/schema\/logo\/image\/\",\"url\":\"https:\/\/agrupacionespsoe.es\/castello\/wp-content\/uploads\/sites\/45\/2023\/04\/PORTADA-PSOE-CASTELLO.jpg\",\"contentUrl\":\"https:\/\/agrupacionespsoe.es\/castello\/wp-content\/uploads\/sites\/45\/2023\/04\/PORTADA-PSOE-CASTELLO.jpg\",\"width\":2500,\"height\":2500,\"caption\":\"PSPV-PSOE Castell\u00f3\"},\"image\":{\"@id\":\"https:\/\/agrupacionespsoe.es\/castello\/#\/schema\/logo\/image\/\"},\"sameAs\":[\"https:\/\/www.facebook.com\/pspv.castellodelaplana\",\"https:\/\/x.com\/pspv_cs\",\"https:\/\/www.instagram.com\/pspvpsoecastello\/\"]}]}<\/script>\n<!-- \/ Yoast SEO plugin. -->","yoast_head_json":{"title":"Grupo Municipal Socialista - PSPV-PSOE CASTELL\u00d3","robots":{"index":"index","follow":"follow","max-snippet":"max-snippet:-1","max-image-preview":"max-image-preview:large","max-video-preview":"max-video-preview:-1"},"canonical":"https:\/\/agrupacionespsoe.es\/castello\/grupo-municipal-socialista\/","og_locale":"es_ES","og_type":"article","og_title":"Grupo Municipal Socialista - PSPV-PSOE CASTELL\u00d3","og_description":"Conoce al Grupo Municipal Socialista","og_url":"https:\/\/agrupacionespsoe.es\/castello\/grupo-municipal-socialista\/","og_site_name":"PSPV-PSOE CASTELL\u00d3","article_publisher":"https:\/\/www.facebook.com\/pspv.castellodelaplana","article_modified_time":"2024-02-14T09:13:10+00:00","twitter_card":"summary_large_image","twitter_site":"@pspv_cs","twitter_misc":{"Tiempo de lectura":"1 minuto"},"schema":{"@context":"https:\/\/schema.org","@graph":[{"@type":"WebPage","@id":"https:\/\/agrupacionespsoe.es\/castello\/grupo-municipal-socialista\/","url":"https:\/\/agrupacionespsoe.es\/castello\/grupo-municipal-socialista\/","name":"Grupo Municipal Socialista - PSPV-PSOE CASTELL\u00d3","isPartOf":{"@id":"https:\/\/agrupacionespsoe.es\/castello\/#website"},"datePublished":"2023-06-07T10:14:47+00:00","dateModified":"2024-02-14T09:13:10+00:00","breadcrumb":{"@id":"https:\/\/agrupacionespsoe.es\/castello\/grupo-municipal-socialista\/#breadcrumb"},"inLanguage":"es","potentialAction":[{"@type":"ReadAction","target":["https:\/\/agrupacionespsoe.es\/castello\/grupo-municipal-socialista\/"]}]},{"@type":"BreadcrumbList","@id":"https:\/\/agrupacionespsoe.es\/castello\/grupo-municipal-socialista\/#breadcrumb","itemListElement":[{"@type":"ListItem","position":1,"name":"Portada","item":"https:\/\/agrupacionespsoe.es\/castello\/"},{"@type":"ListItem","position":2,"name":"Grupo Municipal Socialista"}]},{"@type":"WebSite","@id":"https:\/\/agrupacionespsoe.es\/castello\/#website","url":"https:\/\/agrupacionespsoe.es\/castello\/","name":"PSPV-PSOE CASTELL\u00d3","description":"PSPV-PSOE | Agrupaci\u00f3 de Castell\u00f3","publisher":{"@id":"https:\/\/agrupacionespsoe.es\/castello\/#organization"},"potentialAction":[{"@type":"SearchAction","target":{"@type":"EntryPoint","urlTemplate":"https:\/\/agrupacionespsoe.es\/castello\/?s={search_term_string}"},"query-input":{"@type":"PropertyValueSpecification","valueRequired":true,"valueName":"search_term_string"}}],"inLanguage":"es"},{"@type":"Organization","@id":"https:\/\/agrupacionespsoe.es\/castello\/#organization","name":"PSPV-PSOE Castell\u00f3","url":"https:\/\/agrupacionespsoe.es\/castello\/","logo":{"@type":"ImageObject","inLanguage":"es","@id":"https:\/\/agrupacionespsoe.es\/castello\/#\/schema\/logo\/image\/","url":"https:\/\/agrupacionespsoe.es\/castello\/wp-content\/uploads\/sites\/45\/2023\/04\/PORTADA-PSOE-CASTELLO.jpg","contentUrl":"https:\/\/agrupacionespsoe.es\/castello\/wp-content\/uploads\/sites\/45\/2023\/04\/PORTADA-PSOE-CASTELLO.jpg","width":2500,"height":2500,"caption":"PSPV-PSOE Castell\u00f3"},"image":{"@id":"https:\/\/agrupacionespsoe.es\/castello\/#\/schema\/logo\/image\/"},"sameAs":["https:\/\/www.facebook.com\/pspv.castellodelaplana","https:\/\/x.com\/pspv_cs","https:\/\/www.instagram.com\/pspvpsoecastello\/"]}]}},"jetpack_sharing_enabled":true,"_links":{"self":[{"href":"https:\/\/agrupacionespsoe.es\/castello\/wp-json\/wp\/v2\/pages\/1806","targetHints":{"allow":["GET"]}}],"collection":[{"href":"https:\/\/agrupacionespsoe.es\/castello\/wp-json\/wp\/v2\/pages"}],"about":[{"href":"https:\/\/agrupacionespsoe.es\/castello\/wp-json\/wp\/v2\/types\/page"}],"author":[{"embeddable":true,"href":"https:\/\/agrupacionespsoe.es\/castello\/wp-json\/wp\/v2\/users\/48"}],"replies":[{"embeddable":true,"href":"https:\/\/agrupacionespsoe.es\/castello\/wp-json\/wp\/v2\/comments?post=1806"}],"version-history":[{"count":20,"href":"https:\/\/agrupacionespsoe.es\/castello\/wp-json\/wp\/v2\/pages\/1806\/revisions"}],"predecessor-version":[{"id":4062,"href":"https:\/\/agrupacionespsoe.es\/castello\/wp-json\/wp\/v2\/pages\/1806\/revisions\/4062"}],"wp:attachment":[{"href":"https:\/\/agrupacionespsoe.es\/castello\/wp-json\/wp\/v2\/media?parent=1806"}],"curies":[{"name":"wp","href":"https:\/\/api.w.org\/{rel}","templated":true}]}}