{"version":"1.0","provider_name":"PSPV-PSOE CASTELL\u00d3","provider_url":"https:\/\/agrupacionespsoe.es\/castello","author_name":"castello1","author_url":"https:\/\/agrupacionespsoe.es\/castello\/author\/castello1\/","title":"Alberto I El Melanc\u00f3lico - PSPV-PSOE CASTELL\u00d3","type":"rich","width":600,"height":338,"html":"<blockquote class=\"wp-embedded-content\" data-secret=\"N4syDpRUbb\"><a href=\"https:\/\/agrupacionespsoe.es\/castello\/alberto-i-el-melancolico\/\">Alberto I El Melanc\u00f3lico<\/a><\/blockquote><iframe sandbox=\"allow-scripts\" security=\"restricted\" src=\"https:\/\/agrupacionespsoe.es\/castello\/alberto-i-el-melancolico\/embed\/#?secret=N4syDpRUbb\" width=\"600\" height=\"338\" title=\"\u00abAlberto I El Melanc\u00f3lico\u00bb \u2014 PSPV-PSOE CASTELL\u00d3\" data-secret=\"N4syDpRUbb\" frameborder=\"0\" marginwidth=\"0\" marginheight=\"0\" scrolling=\"no\" class=\"wp-embedded-content\"><\/iframe><script>\n\/*! This file is auto-generated *\/\n!function(d,l){\"use strict\";l.querySelector&&d.addEventListener&&\"undefined\"!=typeof URL&&(d.wp=d.wp||{},d.wp.receiveEmbedMessage||(d.wp.receiveEmbedMessage=function(e){var t=e.data;if((t||t.secret||t.message||t.value)&&!\/[^a-zA-Z0-9]\/.test(t.secret)){for(var s,r,n,a=l.querySelectorAll('iframe[data-secret=\"'+t.secret+'\"]'),o=l.querySelectorAll('blockquote[data-secret=\"'+t.secret+'\"]'),c=new RegExp(\"^https?:$\",\"i\"),i=0;i<o.length;i++)o[i].style.display=\"none\";for(i=0;i<a.length;i++)s=a[i],e.source===s.contentWindow&&(s.removeAttribute(\"style\"),\"height\"===t.message?(1e3<(r=parseInt(t.value,10))?r=1e3:~~r<200&&(r=200),s.height=r):\"link\"===t.message&&(r=new URL(s.getAttribute(\"src\")),n=new URL(t.value),c.test(n.protocol))&&n.host===r.host&&l.activeElement===s&&(d.top.location.href=t.value))}},d.addEventListener(\"message\",d.wp.receiveEmbedMessage,!1),l.addEventListener(\"DOMContentLoaded\",function(){for(var e,t,s=l.querySelectorAll(\"iframe.wp-embedded-content\"),r=0;r<s.length;r++)(t=(e=s[r]).getAttribute(\"data-secret\"))||(t=Math.random().toString(36).substring(2,12),e.src+=\"#?secret=\"+t,e.setAttribute(\"data-secret\",t)),e.contentWindow.postMessage({message:\"ready\",secret:t},\"*\")},!1)))}(window,document);\n<\/script>\n","thumbnail_url":"https:\/\/agrupacionespsoe.es\/castello\/wp-content\/uploads\/sites\/45\/2023\/04\/8.-JOAQUIN-GINER-PASCUAL-2-scaled.jpg","thumbnail_width":2560,"thumbnail_height":2560,"description":"Alberto Vidal est\u00e1 melanc\u00f3lico, porque su sue\u00f1o era haber vivido en la Espa\u00f1a Imperial en la que nunca se pon\u00eda el sol. Ha tenido mala suerte. Le ha tocado la del siglo XXI: la Espa\u00f1a que lucha por los derechos de las mujeres, que combate la violencia machista, que trabaja contra el cambio clim\u00e1tico, que ..."}