{"id":462,"date":"2024-05-24T18:23:07","date_gmt":"2024-05-24T16:23:07","guid":{"rendered":"https:\/\/agrupacionespsoe.es\/acoruna\/?page_id=462"},"modified":"2025-05-24T12:19:20","modified_gmt":"2025-05-24T10:19:20","slug":"historia","status":"publish","type":"page","link":"https:\/\/agrupacionespsoe.es\/acoruna\/historia\/","title":{"rendered":"Historia"},"content":{"rendered":"\n<figure class=\"wp-block-pullquote has-white-color has-primary-background-color has-text-color has-background has-link-color has-medium-font-size wp-elements-2c42fa474c906f02cd0ebfcb648be580\" style=\"border-style:none;border-width:0px;border-radius:0px;font-style:normal;font-weight:600\"><blockquote><p>Historia da Agrupaci\u00f3n Provincial da Coru\u00f1a<\/p><\/blockquote><\/figure>\n\n\n\n<div class=\"wp-block-media-text is-stacked-on-mobile\"><figure class=\"wp-block-media-text__media\"><img loading=\"lazy\" decoding=\"async\" width=\"1024\" height=\"707\" src=\"https:\/\/agrupacionespsoe.es\/acoruna\/wp-content\/uploads\/sites\/198\/2024\/05\/CEP-2009-1024x707.jpg\" alt=\"\" class=\"wp-image-506 size-full\" srcset=\"https:\/\/agrupacionespsoe.es\/acoruna\/wp-content\/uploads\/sites\/198\/2024\/05\/CEP-2009-1024x707.jpg 1024w, https:\/\/agrupacionespsoe.es\/acoruna\/wp-content\/uploads\/sites\/198\/2024\/05\/CEP-2009-300x207.jpg 300w, https:\/\/agrupacionespsoe.es\/acoruna\/wp-content\/uploads\/sites\/198\/2024\/05\/CEP-2009-768x530.jpg 768w, https:\/\/agrupacionespsoe.es\/acoruna\/wp-content\/uploads\/sites\/198\/2024\/05\/CEP-2009-1536x1061.jpg 1536w, https:\/\/agrupacionespsoe.es\/acoruna\/wp-content\/uploads\/sites\/198\/2024\/05\/CEP-2009-2048x1414.jpg 2048w\" sizes=\"auto, (max-width: 1024px) 100vw, 1024px\" \/><\/figure><div class=\"wp-block-media-text__content\">\n<p>En 2008 cel\u00e9brase o IX Congreso Nacional, no que se establece a creaci\u00f3n das estruturas provinciales, ata ese momento dirixidas \u00fanicamente por un coordinador provincial.<\/p>\n\n\n\n<p>En 2009 cel\u00e9brase o I Congreso Provincial, resultando escollido como secretario xeral Salvador Fern\u00e1ndez Moreda.<\/p>\n<\/div><\/div>\n\n\n\n<section class=\"wp-block-psoe-separador bg-primary px-2\"><hr class=\"color-white bg-white opacity-1 h-[1px] w-full\" \/><\/section>\n\n\n\n<div class=\"wp-block-media-text has-media-on-the-right is-stacked-on-mobile\"><div class=\"wp-block-media-text__content\">\n<p>No 2012 cel\u00e9brase o II Congreso Provincial, sendo escollido como secretario xeral Francisco Caama\u00f1o.<\/p>\n<\/div><figure class=\"wp-block-media-text__media\"><img loading=\"lazy\" decoding=\"async\" width=\"1024\" height=\"683\" src=\"https:\/\/agrupacionespsoe.es\/acoruna\/wp-content\/uploads\/sites\/198\/2024\/05\/CEP-2012-1024x683.jpg\" alt=\"\" class=\"wp-image-507 size-full\" srcset=\"https:\/\/agrupacionespsoe.es\/acoruna\/wp-content\/uploads\/sites\/198\/2024\/05\/CEP-2012-1024x683.jpg 1024w, https:\/\/agrupacionespsoe.es\/acoruna\/wp-content\/uploads\/sites\/198\/2024\/05\/CEP-2012-300x200.jpg 300w, https:\/\/agrupacionespsoe.es\/acoruna\/wp-content\/uploads\/sites\/198\/2024\/05\/CEP-2012-768x512.jpg 768w, https:\/\/agrupacionespsoe.es\/acoruna\/wp-content\/uploads\/sites\/198\/2024\/05\/CEP-2012-1536x1024.jpg 1536w, https:\/\/agrupacionespsoe.es\/acoruna\/wp-content\/uploads\/sites\/198\/2024\/05\/CEP-2012-2048x1366.jpg 2048w\" sizes=\"auto, (max-width: 1024px) 100vw, 1024px\" \/><\/figure><\/div>\n\n\n\n<section class=\"wp-block-psoe-separador bg-primary px-2\"><hr class=\"color-white bg-white opacity-1 h-[1px] w-full\" \/><\/section>\n\n\n\n<div class=\"wp-block-media-text is-stacked-on-mobile\"><figure class=\"wp-block-media-text__media\"><img loading=\"lazy\" decoding=\"async\" width=\"1024\" height=\"655\" src=\"https:\/\/agrupacionespsoe.es\/acoruna\/wp-content\/uploads\/sites\/198\/2024\/05\/CEP-2014-1024x655.jpg\" alt=\"\" class=\"wp-image-508 size-full\" srcset=\"https:\/\/agrupacionespsoe.es\/acoruna\/wp-content\/uploads\/sites\/198\/2024\/05\/CEP-2014-1024x655.jpg 1024w, https:\/\/agrupacionespsoe.es\/acoruna\/wp-content\/uploads\/sites\/198\/2024\/05\/CEP-2014-300x192.jpg 300w, https:\/\/agrupacionespsoe.es\/acoruna\/wp-content\/uploads\/sites\/198\/2024\/05\/CEP-2014-768x491.jpg 768w, https:\/\/agrupacionespsoe.es\/acoruna\/wp-content\/uploads\/sites\/198\/2024\/05\/CEP-2014-1536x983.jpg 1536w, https:\/\/agrupacionespsoe.es\/acoruna\/wp-content\/uploads\/sites\/198\/2024\/05\/CEP-2014-2048x1310.jpg 2048w\" sizes=\"auto, (max-width: 1024px) 100vw, 1024px\" \/><\/figure><div class=\"wp-block-media-text__content\">\n<p>En 2014 ten lugar un Congreso Extraordinario, onde se escolle \u00e1 nova executiva liderada por Julio Sacrist\u00e1n de Diego<\/p>\n<\/div><\/div>\n\n\n\n<section class=\"wp-block-psoe-separador bg-primary px-2\"><hr class=\"color-white bg-white opacity-1 h-[1px] w-full\" \/><\/section>\n\n\n\n<div class=\"wp-block-media-text has-media-on-the-right is-stacked-on-mobile\"><div class=\"wp-block-media-text__content\">\n<p>No 2018 ten lugar o 3\u00ba Congreso Provincial ordinario, no que sae escollida unha nova comisi\u00f3n executiva liderada por Valent\u00edn Gonz\u00e1lez Formoso<\/p>\n<\/div><figure class=\"wp-block-media-text__media\"><img loading=\"lazy\" decoding=\"async\" width=\"1024\" height=\"768\" src=\"https:\/\/agrupacionespsoe.es\/acoruna\/wp-content\/uploads\/sites\/198\/2024\/05\/CEP-2018-2-1024x768.jpg\" alt=\"\" class=\"wp-image-509 size-full\" srcset=\"https:\/\/agrupacionespsoe.es\/acoruna\/wp-content\/uploads\/sites\/198\/2024\/05\/CEP-2018-2-1024x768.jpg 1024w, https:\/\/agrupacionespsoe.es\/acoruna\/wp-content\/uploads\/sites\/198\/2024\/05\/CEP-2018-2-300x225.jpg 300w, https:\/\/agrupacionespsoe.es\/acoruna\/wp-content\/uploads\/sites\/198\/2024\/05\/CEP-2018-2-768x576.jpg 768w, https:\/\/agrupacionespsoe.es\/acoruna\/wp-content\/uploads\/sites\/198\/2024\/05\/CEP-2018-2-1536x1152.jpg 1536w, https:\/\/agrupacionespsoe.es\/acoruna\/wp-content\/uploads\/sites\/198\/2024\/05\/CEP-2018-2-2048x1536.jpg 2048w\" sizes=\"auto, (max-width: 1024px) 100vw, 1024px\" \/><\/figure><\/div>\n\n\n\n<section class=\"wp-block-psoe-separador bg-primary px-2\"><hr class=\"color-white bg-white opacity-1 h-[1px] w-full\" \/><\/section>\n\n\n\n<div class=\"wp-block-media-text is-stacked-on-mobile\"><figure class=\"wp-block-media-text__media\"><img loading=\"lazy\" decoding=\"async\" width=\"1024\" height=\"331\" src=\"https:\/\/agrupacionespsoe.es\/acoruna\/wp-content\/uploads\/sites\/198\/2024\/05\/353062633_648944553931943_5552771533107146866_n-e1715789049298-1024x331.jpg\" alt=\"\" class=\"wp-image-197 size-full\" srcset=\"https:\/\/agrupacionespsoe.es\/acoruna\/wp-content\/uploads\/sites\/198\/2024\/05\/353062633_648944553931943_5552771533107146866_n-e1715789049298-1024x331.jpg 1024w, https:\/\/agrupacionespsoe.es\/acoruna\/wp-content\/uploads\/sites\/198\/2024\/05\/353062633_648944553931943_5552771533107146866_n-e1715789049298-300x97.jpg 300w, https:\/\/agrupacionespsoe.es\/acoruna\/wp-content\/uploads\/sites\/198\/2024\/05\/353062633_648944553931943_5552771533107146866_n-e1715789049298-768x248.jpg 768w, https:\/\/agrupacionespsoe.es\/acoruna\/wp-content\/uploads\/sites\/198\/2024\/05\/353062633_648944553931943_5552771533107146866_n-e1715789049298-1536x496.jpg 1536w, https:\/\/agrupacionespsoe.es\/acoruna\/wp-content\/uploads\/sites\/198\/2024\/05\/353062633_648944553931943_5552771533107146866_n-e1715789049298.jpg 1600w\" sizes=\"auto, (max-width: 1024px) 100vw, 1024px\" \/><\/figure><div class=\"wp-block-media-text__content\">\n<p>Tralo 4\u00ba Congreso Provincial, en 2022, foi escollido como secretario xeral provincial Bernardo Fern\u00e1ndez Pi\u00f1eiro.<\/p>\n<\/div><\/div>\n\n\n\n<section class=\"wp-block-psoe-separador bg-primary px-2\"><hr class=\"color-white bg-white opacity-1 h-[1px] w-full\" \/><\/section>\n\n\n\n<div class=\"wp-block-media-text has-media-on-the-right is-stacked-on-mobile\"><div class=\"wp-block-media-text__content\">\n<p>Bernardo Fern\u00e1ndez Pi\u00f1eiro renova a s\u00faa condici\u00f3n de secretario xeral tralo 5\u00ba Congreso, celebrado en 2025.<\/p>\n<\/div><figure class=\"wp-block-media-text__media\"><img loading=\"lazy\" decoding=\"async\" width=\"1024\" height=\"622\" src=\"https:\/\/agrupacionespsoe.es\/acoruna\/wp-content\/uploads\/sites\/198\/2025\/05\/Foto-CEP-2025-e1748081355469-1024x622.jpeg\" alt=\"\" class=\"wp-image-1451 size-full\" srcset=\"https:\/\/agrupacionespsoe.es\/acoruna\/wp-content\/uploads\/sites\/198\/2025\/05\/Foto-CEP-2025-e1748081355469-1024x622.jpeg 1024w, https:\/\/agrupacionespsoe.es\/acoruna\/wp-content\/uploads\/sites\/198\/2025\/05\/Foto-CEP-2025-e1748081355469-300x182.jpeg 300w, https:\/\/agrupacionespsoe.es\/acoruna\/wp-content\/uploads\/sites\/198\/2025\/05\/Foto-CEP-2025-e1748081355469-768x467.jpeg 768w, https:\/\/agrupacionespsoe.es\/acoruna\/wp-content\/uploads\/sites\/198\/2025\/05\/Foto-CEP-2025-e1748081355469-1536x934.jpeg 1536w, https:\/\/agrupacionespsoe.es\/acoruna\/wp-content\/uploads\/sites\/198\/2025\/05\/Foto-CEP-2025-e1748081355469.jpeg 1900w\" sizes=\"auto, (max-width: 1024px) 100vw, 1024px\" \/><\/figure><\/div>\n","protected":false},"excerpt":{"rendered":"<p>Historia da Agrupaci\u00f3n Provincial da Coru\u00f1a En 2008 cel\u00e9brase o IX Congreso Nacional, no que se establece a creaci\u00f3n das estruturas provinciales, ata ese momento dirixidas \u00fanicamente por un coordinador provincial. En 2009 cel\u00e9brase o I Congreso Provincial, resultando escollido como secretario xeral Salvador Fern\u00e1ndez Moreda. No 2012 cel\u00e9brase o II Congreso Provincial, sendo escollido &#8230;<\/p>\n","protected":false},"author":282,"featured_media":0,"parent":0,"menu_order":0,"comment_status":"closed","ping_status":"closed","template":"","meta":{"footnotes":""},"class_list":["post-462","page","type-page","status-publish","hentry"],"yoast_head":"<!-- This site is optimized with the Yoast SEO plugin v24.0 - https:\/\/yoast.com\/wordpress\/plugins\/seo\/ -->\n<title>Historia - Agrupaci\u00f3n Provincial da Coru\u00f1a PSOE<\/title>\n<meta name=\"robots\" content=\"index, follow, max-snippet:-1, max-image-preview:large, max-video-preview:-1\" \/>\n<link rel=\"canonical\" href=\"https:\/\/agrupacionespsoe.es\/acoruna\/historia\/\" \/>\n<meta property=\"og:locale\" content=\"es_ES\" \/>\n<meta property=\"og:type\" content=\"article\" \/>\n<meta property=\"og:title\" content=\"Historia - Agrupaci\u00f3n Provincial da Coru\u00f1a PSOE\" \/>\n<meta property=\"og:description\" content=\"Historia da Agrupaci\u00f3n Provincial da Coru\u00f1a En 2008 cel\u00e9brase o IX Congreso Nacional, no que se establece a creaci\u00f3n das estruturas provinciales, ata ese momento dirixidas \u00fanicamente por un coordinador provincial. En 2009 cel\u00e9brase o I Congreso Provincial, resultando escollido como secretario xeral Salvador Fern\u00e1ndez Moreda. No 2012 cel\u00e9brase o II Congreso Provincial, sendo escollido ...\" \/>\n<meta property=\"og:url\" content=\"https:\/\/agrupacionespsoe.es\/acoruna\/historia\/\" \/>\n<meta property=\"og:site_name\" content=\"Agrupaci\u00f3n Provincial da Coru\u00f1a PSOE\" \/>\n<meta property=\"article:modified_time\" content=\"2025-05-24T10:19:20+00:00\" \/>\n<meta property=\"og:image\" content=\"https:\/\/agrupacionespsoe.es\/acoruna\/wp-content\/uploads\/sites\/198\/2024\/05\/CEP-2009-scaled.jpg\" \/>\n\t<meta property=\"og:image:width\" content=\"2560\" \/>\n\t<meta property=\"og:image:height\" content=\"1768\" \/>\n\t<meta property=\"og:image:type\" content=\"image\/jpeg\" \/>\n<meta name=\"twitter:card\" content=\"summary_large_image\" \/>\n<meta name=\"twitter:label1\" content=\"Tiempo de lectura\" \/>\n\t<meta name=\"twitter:data1\" content=\"2 minutos\" \/>\n<script type=\"application\/ld+json\" class=\"yoast-schema-graph\">{\"@context\":\"https:\/\/schema.org\",\"@graph\":[{\"@type\":\"WebPage\",\"@id\":\"https:\/\/agrupacionespsoe.es\/acoruna\/historia\/\",\"url\":\"https:\/\/agrupacionespsoe.es\/acoruna\/historia\/\",\"name\":\"Historia - Agrupaci\u00f3n Provincial da Coru\u00f1a PSOE\",\"isPartOf\":{\"@id\":\"https:\/\/agrupacionespsoe.es\/acoruna\/#website\"},\"primaryImageOfPage\":{\"@id\":\"https:\/\/agrupacionespsoe.es\/acoruna\/historia\/#primaryimage\"},\"image\":{\"@id\":\"https:\/\/agrupacionespsoe.es\/acoruna\/historia\/#primaryimage\"},\"thumbnailUrl\":\"https:\/\/agrupacionespsoe.es\/acoruna\/wp-content\/uploads\/sites\/198\/2024\/05\/CEP-2009-1024x707.jpg\",\"datePublished\":\"2024-05-24T16:23:07+00:00\",\"dateModified\":\"2025-05-24T10:19:20+00:00\",\"breadcrumb\":{\"@id\":\"https:\/\/agrupacionespsoe.es\/acoruna\/historia\/#breadcrumb\"},\"inLanguage\":\"es\",\"potentialAction\":[{\"@type\":\"ReadAction\",\"target\":[\"https:\/\/agrupacionespsoe.es\/acoruna\/historia\/\"]}]},{\"@type\":\"ImageObject\",\"inLanguage\":\"es\",\"@id\":\"https:\/\/agrupacionespsoe.es\/acoruna\/historia\/#primaryimage\",\"url\":\"https:\/\/agrupacionespsoe.es\/acoruna\/wp-content\/uploads\/sites\/198\/2024\/05\/CEP-2009-scaled.jpg\",\"contentUrl\":\"https:\/\/agrupacionespsoe.es\/acoruna\/wp-content\/uploads\/sites\/198\/2024\/05\/CEP-2009-scaled.jpg\",\"width\":2560,\"height\":1768},{\"@type\":\"BreadcrumbList\",\"@id\":\"https:\/\/agrupacionespsoe.es\/acoruna\/historia\/#breadcrumb\",\"itemListElement\":[{\"@type\":\"ListItem\",\"position\":1,\"name\":\"Portada\",\"item\":\"https:\/\/agrupacionespsoe.es\/acoruna\/\"},{\"@type\":\"ListItem\",\"position\":2,\"name\":\"Historia\"}]},{\"@type\":\"WebSite\",\"@id\":\"https:\/\/agrupacionespsoe.es\/acoruna\/#website\",\"url\":\"https:\/\/agrupacionespsoe.es\/acoruna\/\",\"name\":\"Agrupaci\u00f3n Provincial da Coru\u00f1a PSOE\",\"description\":\"Provincial PSdeG-PSOE da Coru\u00f1a\",\"publisher\":{\"@id\":\"https:\/\/agrupacionespsoe.es\/acoruna\/#organization\"},\"potentialAction\":[{\"@type\":\"SearchAction\",\"target\":{\"@type\":\"EntryPoint\",\"urlTemplate\":\"https:\/\/agrupacionespsoe.es\/acoruna\/?s={search_term_string}\"},\"query-input\":{\"@type\":\"PropertyValueSpecification\",\"valueRequired\":true,\"valueName\":\"search_term_string\"}}],\"inLanguage\":\"es\"},{\"@type\":\"Organization\",\"@id\":\"https:\/\/agrupacionespsoe.es\/acoruna\/#organization\",\"name\":\"Agrupaci\u00f3n Provincial da Coru\u00f1a PSOE\",\"url\":\"https:\/\/agrupacionespsoe.es\/acoruna\/\",\"logo\":{\"@type\":\"ImageObject\",\"inLanguage\":\"es\",\"@id\":\"https:\/\/agrupacionespsoe.es\/acoruna\/#\/schema\/logo\/image\/\",\"url\":\"https:\/\/agrupacionespsoe.es\/wp-content\/uploads\/2022\/07\/Logotipo_electoral_del_PSOE.png\",\"contentUrl\":\"https:\/\/agrupacionespsoe.es\/wp-content\/uploads\/2022\/07\/Logotipo_electoral_del_PSOE.png\",\"width\":422,\"height\":422,\"caption\":\"Agrupaci\u00f3n Provincial da Coru\u00f1a PSOE\"},\"image\":{\"@id\":\"https:\/\/agrupacionespsoe.es\/acoruna\/#\/schema\/logo\/image\/\"}}]}<\/script>\n<!-- \/ Yoast SEO plugin. -->","yoast_head_json":{"title":"Historia - Agrupaci\u00f3n Provincial da Coru\u00f1a PSOE","robots":{"index":"index","follow":"follow","max-snippet":"max-snippet:-1","max-image-preview":"max-image-preview:large","max-video-preview":"max-video-preview:-1"},"canonical":"https:\/\/agrupacionespsoe.es\/acoruna\/historia\/","og_locale":"es_ES","og_type":"article","og_title":"Historia - Agrupaci\u00f3n Provincial da Coru\u00f1a PSOE","og_description":"Historia da Agrupaci\u00f3n Provincial da Coru\u00f1a En 2008 cel\u00e9brase o IX Congreso Nacional, no que se establece a creaci\u00f3n das estruturas provinciales, ata ese momento dirixidas \u00fanicamente por un coordinador provincial. En 2009 cel\u00e9brase o I Congreso Provincial, resultando escollido como secretario xeral Salvador Fern\u00e1ndez Moreda. No 2012 cel\u00e9brase o II Congreso Provincial, sendo escollido ...","og_url":"https:\/\/agrupacionespsoe.es\/acoruna\/historia\/","og_site_name":"Agrupaci\u00f3n Provincial da Coru\u00f1a PSOE","article_modified_time":"2025-05-24T10:19:20+00:00","og_image":[{"width":2560,"height":1768,"url":"https:\/\/agrupacionespsoe.es\/acoruna\/wp-content\/uploads\/sites\/198\/2024\/05\/CEP-2009-scaled.jpg","type":"image\/jpeg"}],"twitter_card":"summary_large_image","twitter_misc":{"Tiempo de lectura":"2 minutos"},"schema":{"@context":"https:\/\/schema.org","@graph":[{"@type":"WebPage","@id":"https:\/\/agrupacionespsoe.es\/acoruna\/historia\/","url":"https:\/\/agrupacionespsoe.es\/acoruna\/historia\/","name":"Historia - Agrupaci\u00f3n Provincial da Coru\u00f1a PSOE","isPartOf":{"@id":"https:\/\/agrupacionespsoe.es\/acoruna\/#website"},"primaryImageOfPage":{"@id":"https:\/\/agrupacionespsoe.es\/acoruna\/historia\/#primaryimage"},"image":{"@id":"https:\/\/agrupacionespsoe.es\/acoruna\/historia\/#primaryimage"},"thumbnailUrl":"https:\/\/agrupacionespsoe.es\/acoruna\/wp-content\/uploads\/sites\/198\/2024\/05\/CEP-2009-1024x707.jpg","datePublished":"2024-05-24T16:23:07+00:00","dateModified":"2025-05-24T10:19:20+00:00","breadcrumb":{"@id":"https:\/\/agrupacionespsoe.es\/acoruna\/historia\/#breadcrumb"},"inLanguage":"es","potentialAction":[{"@type":"ReadAction","target":["https:\/\/agrupacionespsoe.es\/acoruna\/historia\/"]}]},{"@type":"ImageObject","inLanguage":"es","@id":"https:\/\/agrupacionespsoe.es\/acoruna\/historia\/#primaryimage","url":"https:\/\/agrupacionespsoe.es\/acoruna\/wp-content\/uploads\/sites\/198\/2024\/05\/CEP-2009-scaled.jpg","contentUrl":"https:\/\/agrupacionespsoe.es\/acoruna\/wp-content\/uploads\/sites\/198\/2024\/05\/CEP-2009-scaled.jpg","width":2560,"height":1768},{"@type":"BreadcrumbList","@id":"https:\/\/agrupacionespsoe.es\/acoruna\/historia\/#breadcrumb","itemListElement":[{"@type":"ListItem","position":1,"name":"Portada","item":"https:\/\/agrupacionespsoe.es\/acoruna\/"},{"@type":"ListItem","position":2,"name":"Historia"}]},{"@type":"WebSite","@id":"https:\/\/agrupacionespsoe.es\/acoruna\/#website","url":"https:\/\/agrupacionespsoe.es\/acoruna\/","name":"Agrupaci\u00f3n Provincial da Coru\u00f1a PSOE","description":"Provincial PSdeG-PSOE da Coru\u00f1a","publisher":{"@id":"https:\/\/agrupacionespsoe.es\/acoruna\/#organization"},"potentialAction":[{"@type":"SearchAction","target":{"@type":"EntryPoint","urlTemplate":"https:\/\/agrupacionespsoe.es\/acoruna\/?s={search_term_string}"},"query-input":{"@type":"PropertyValueSpecification","valueRequired":true,"valueName":"search_term_string"}}],"inLanguage":"es"},{"@type":"Organization","@id":"https:\/\/agrupacionespsoe.es\/acoruna\/#organization","name":"Agrupaci\u00f3n Provincial da Coru\u00f1a PSOE","url":"https:\/\/agrupacionespsoe.es\/acoruna\/","logo":{"@type":"ImageObject","inLanguage":"es","@id":"https:\/\/agrupacionespsoe.es\/acoruna\/#\/schema\/logo\/image\/","url":"https:\/\/agrupacionespsoe.es\/wp-content\/uploads\/2022\/07\/Logotipo_electoral_del_PSOE.png","contentUrl":"https:\/\/agrupacionespsoe.es\/wp-content\/uploads\/2022\/07\/Logotipo_electoral_del_PSOE.png","width":422,"height":422,"caption":"Agrupaci\u00f3n Provincial da Coru\u00f1a PSOE"},"image":{"@id":"https:\/\/agrupacionespsoe.es\/acoruna\/#\/schema\/logo\/image\/"}}]}},"jetpack_sharing_enabled":true,"jetpack_likes_enabled":true,"_links":{"self":[{"href":"https:\/\/agrupacionespsoe.es\/acoruna\/wp-json\/wp\/v2\/pages\/462","targetHints":{"allow":["GET"]}}],"collection":[{"href":"https:\/\/agrupacionespsoe.es\/acoruna\/wp-json\/wp\/v2\/pages"}],"about":[{"href":"https:\/\/agrupacionespsoe.es\/acoruna\/wp-json\/wp\/v2\/types\/page"}],"author":[{"embeddable":true,"href":"https:\/\/agrupacionespsoe.es\/acoruna\/wp-json\/wp\/v2\/users\/282"}],"replies":[{"embeddable":true,"href":"https:\/\/agrupacionespsoe.es\/acoruna\/wp-json\/wp\/v2\/comments?post=462"}],"version-history":[{"count":7,"href":"https:\/\/agrupacionespsoe.es\/acoruna\/wp-json\/wp\/v2\/pages\/462\/revisions"}],"predecessor-version":[{"id":1456,"href":"https:\/\/agrupacionespsoe.es\/acoruna\/wp-json\/wp\/v2\/pages\/462\/revisions\/1456"}],"wp:attachment":[{"href":"https:\/\/agrupacionespsoe.es\/acoruna\/wp-json\/wp\/v2\/media?parent=462"}],"curies":[{"name":"wp","href":"https:\/\/api.w.org\/{rel}","templated":true}]}}