{"version":"1.0","provider_name":"Agrupaci\u00f3n Provincial da Coru\u00f1a PSOE","provider_url":"https:\/\/agrupacionespsoe.es\/acoruna","author_name":"Olympia M\u00e9ndez","author_url":"https:\/\/agrupacionespsoe.es\/acoruna\/author\/acoruna2\/","title":"Historia - Agrupaci\u00f3n Provincial da Coru\u00f1a PSOE","type":"rich","width":600,"height":338,"html":"<blockquote class=\"wp-embedded-content\" data-secret=\"cLwAbI24vg\"><a href=\"https:\/\/agrupacionespsoe.es\/acoruna\/historia\/\">Historia<\/a><\/blockquote><iframe sandbox=\"allow-scripts\" security=\"restricted\" src=\"https:\/\/agrupacionespsoe.es\/acoruna\/historia\/embed\/#?secret=cLwAbI24vg\" width=\"600\" height=\"338\" title=\"\u00abHistoria\u00bb \u2014 Agrupaci\u00f3n Provincial da Coru\u00f1a PSOE\" data-secret=\"cLwAbI24vg\" frameborder=\"0\" marginwidth=\"0\" marginheight=\"0\" scrolling=\"no\" class=\"wp-embedded-content\"><\/iframe><script>\n\/*! This file is auto-generated *\/\n!function(d,l){\"use strict\";l.querySelector&&d.addEventListener&&\"undefined\"!=typeof URL&&(d.wp=d.wp||{},d.wp.receiveEmbedMessage||(d.wp.receiveEmbedMessage=function(e){var t=e.data;if((t||t.secret||t.message||t.value)&&!\/[^a-zA-Z0-9]\/.test(t.secret)){for(var s,r,n,a=l.querySelectorAll('iframe[data-secret=\"'+t.secret+'\"]'),o=l.querySelectorAll('blockquote[data-secret=\"'+t.secret+'\"]'),c=new RegExp(\"^https?:$\",\"i\"),i=0;i<o.length;i++)o[i].style.display=\"none\";for(i=0;i<a.length;i++)s=a[i],e.source===s.contentWindow&&(s.removeAttribute(\"style\"),\"height\"===t.message?(1e3<(r=parseInt(t.value,10))?r=1e3:~~r<200&&(r=200),s.height=r):\"link\"===t.message&&(r=new URL(s.getAttribute(\"src\")),n=new URL(t.value),c.test(n.protocol))&&n.host===r.host&&l.activeElement===s&&(d.top.location.href=t.value))}},d.addEventListener(\"message\",d.wp.receiveEmbedMessage,!1),l.addEventListener(\"DOMContentLoaded\",function(){for(var e,t,s=l.querySelectorAll(\"iframe.wp-embedded-content\"),r=0;r<s.length;r++)(t=(e=s[r]).getAttribute(\"data-secret\"))||(t=Math.random().toString(36).substring(2,12),e.src+=\"#?secret=\"+t,e.setAttribute(\"data-secret\",t)),e.contentWindow.postMessage({message:\"ready\",secret:t},\"*\")},!1)))}(window,document);\n<\/script>\n","description":"Historia da Agrupaci\u00f3n Provincial da Coru\u00f1a En 2008 cel\u00e9brase o IX Congreso Nacional, no que se establece a creaci\u00f3n das estruturas provinciales, ata ese momento dirixidas \u00fanicamente por un coordinador provincial. En 2009 cel\u00e9brase o I Congreso Provincial, resultando escollido como secretario xeral Salvador Fern\u00e1ndez Moreda. No 2012 cel\u00e9brase o II Congreso Provincial, sendo escollido ...","thumbnail_url":"https:\/\/agrupacionespsoe.es\/acoruna\/wp-content\/uploads\/sites\/198\/2024\/05\/CEP-2009-scaled.jpg","thumbnail_width":2560,"thumbnail_height":1768}